{"id":10038,"date":"2022-01-05T16:40:50","date_gmt":"2022-01-05T16:40:50","guid":{"rendered":"https:\/\/pracownia52.pl\/www\/?page_id=10038"},"modified":"2025-05-06T16:56:35","modified_gmt":"2025-05-06T16:56:35","slug":"marek-surzyn","status":"publish","type":"page","link":"https:\/\/pracownia52.pl\/www\/?page_id=10038","title":{"rendered":"Marek Surzyn"},"content":{"rendered":"\n<figure class=\"wp-block-image size-full\"><a href=\"https:\/\/pracownia52.pl\/www\/wp-content\/uploads\/2025\/05\/1987-marek-surzyn-863-fot-mr-makowski-low0res.jpg\"><img loading=\"lazy\" decoding=\"async\" width=\"2200\" height=\"2144\" src=\"https:\/\/pracownia52.pl\/www\/wp-content\/uploads\/2025\/05\/1987-marek-surzyn-863-fot-mr-makowski-low0res.jpg\" alt=\"\" class=\"wp-image-10517\" srcset=\"https:\/\/pracownia52.pl\/www\/wp-content\/uploads\/2025\/05\/1987-marek-surzyn-863-fot-mr-makowski-low0res.jpg 2200w, https:\/\/pracownia52.pl\/www\/wp-content\/uploads\/2025\/05\/1987-marek-surzyn-863-fot-mr-makowski-low0res-300x292.jpg 300w, https:\/\/pracownia52.pl\/www\/wp-content\/uploads\/2025\/05\/1987-marek-surzyn-863-fot-mr-makowski-low0res-1024x998.jpg 1024w, https:\/\/pracownia52.pl\/www\/wp-content\/uploads\/2025\/05\/1987-marek-surzyn-863-fot-mr-makowski-low0res-768x748.jpg 768w, https:\/\/pracownia52.pl\/www\/wp-content\/uploads\/2025\/05\/1987-marek-surzyn-863-fot-mr-makowski-low0res-1536x1497.jpg 1536w, https:\/\/pracownia52.pl\/www\/wp-content\/uploads\/2025\/05\/1987-marek-surzyn-863-fot-mr-makowski-low0res-2048x1996.jpg 2048w\" sizes=\"auto, (max-width: 767px) 89vw, (max-width: 1000px) 54vw, (max-width: 1071px) 543px, 580px\" \/><\/a><figcaption class=\"wp-element-caption\">Marek Surzyn (1987)<\/figcaption><\/figure>\n\n\n\n<p>Lata znajomo\u015bci, kilka tras i miejsc + kilka projekt\u00f3w, kasety, p\u0142yty CD, <strong><a href=\"https:\/\/pracownia52.pl\/www\/?page_id=1402\" data-type=\"page\" data-id=\"1402\">zdj\u0119cia<\/a><\/strong>\u2026 No i te\u017c <strong><a href=\"https:\/\/pracownia52.pl\/www\/?page_id=725\" data-type=\"page\" data-id=\"725\">Shakin&#8217;Dudi<\/a><\/strong>, grupa <strong><a href=\"https:\/\/pracownia52.pl\/www\/?page_id=774\" data-type=\"page\" data-id=\"774\">Nalepy<\/a><\/strong>\u2026 D\u0142ugo opowiada\u0107. A wreszcie grupa z <strong><a href=\"https:\/\/pl.wikipedia.org\/wiki\/Tomasz_Jaworski_(muzyk)\" data-type=\"URL\" data-id=\"https:\/\/pl.wikipedia.org\/wiki\/Tomasz_Jaworski_(muzyk)\">Tomaszem \u201eKciukiem\u201d Jaworskim<\/a><\/strong>, obie kasety \u2013 ni\u017cej; na pierwszej jeszcze (tu na foto to ta druga :\u2013) gra r\u00f3wnie\u017c <strong><a href=\"https:\/\/pracownia52.pl\/www\/?page_id=1291\" data-type=\"page\" data-id=\"1291\">Marek Raduli<\/a><\/strong>. <br \/>Link do <strong><a href=\"https:\/\/www.mareksurzyn.pl\/?own=dyskografia\" data-type=\"URL\" data-id=\"https:\/\/www.mareksurzyn.pl\/?own=dyskografia\">strony Marka<\/a><\/strong>, gdzie te\u017c kilka naszych wsp\u00f3lnych pami\u0105tek.<br \/>mr m.<\/p>\n\n\n\n<figure class=\"wp-block-gallery has-nested-images columns-default is-cropped wp-block-gallery-1 is-layout-flex wp-block-gallery-is-layout-flex\">\n<figure class=\"wp-block-image size-large\"><a href=\"https:\/\/pracownia52.pl\/www\/wp-content\/uploads\/2010\/06\/kciuk-surzyn-band-mkmn.jpg\"><img loading=\"lazy\" decoding=\"async\" width=\"816\" height=\"600\" data-id=\"398\" src=\"https:\/\/pracownia52.pl\/www\/wp-content\/uploads\/2010\/06\/kciuk-surzyn-band-mkmn.jpg\" alt=\"\" class=\"wp-image-398\" srcset=\"https:\/\/pracownia52.pl\/www\/wp-content\/uploads\/2010\/06\/kciuk-surzyn-band-mkmn.jpg?v=1627126043 816w, https:\/\/pracownia52.pl\/www\/wp-content\/uploads\/2010\/06\/kciuk-surzyn-band-mkmn-300x221.jpg?v=1627126043 300w, https:\/\/pracownia52.pl\/www\/wp-content\/uploads\/2010\/06\/kciuk-surzyn-band-mkmn-768x565.jpg?v=1627126043 768w\" sizes=\"auto, (max-width: 767px) 89vw, (max-width: 1000px) 54vw, (max-width: 1071px) 543px, 580px\" \/><\/a><\/figure>\n<\/figure>\n","protected":false},"excerpt":{"rendered":"<p>Lata znajomo\u015bci, kilka tras i miejsc + kilka projekt\u00f3w, kasety, p\u0142yty CD, zdj\u0119cia\u2026 No i te\u017c Shakin&#8217;Dudi, grupa Nalepy\u2026 D\u0142ugo opowiada\u0107. A wreszcie grupa z Tomaszem \u201eKciukiem\u201d Jaworskim, obie kasety \u2013 ni\u017cej; na pierwszej jeszcze (tu na foto to ta druga :\u2013) gra r\u00f3wnie\u017c Marek Raduli. Link do strony Marka, gdzie te\u017c kilka naszych wsp\u00f3lnych &hellip; <\/p>\n<p class=\"link-more\"><a href=\"https:\/\/pracownia52.pl\/www\/?page_id=10038\" class=\"more-link\">Czytaj dalej<span class=\"screen-reader-text\"> \u201eMarek Surzyn\u201d<\/span><\/a><\/p>\n","protected":false},"author":1,"featured_media":0,"parent":0,"menu_order":0,"comment_status":"closed","ping_status":"closed","template":"","meta":{"footnotes":""},"class_list":["post-10038","page","type-page","status-publish","hentry"],"_links":{"self":[{"href":"https:\/\/pracownia52.pl\/www\/index.php?rest_route=\/wp\/v2\/pages\/10038","targetHints":{"allow":["GET"]}}],"collection":[{"href":"https:\/\/pracownia52.pl\/www\/index.php?rest_route=\/wp\/v2\/pages"}],"about":[{"href":"https:\/\/pracownia52.pl\/www\/index.php?rest_route=\/wp\/v2\/types\/page"}],"author":[{"embeddable":true,"href":"https:\/\/pracownia52.pl\/www\/index.php?rest_route=\/wp\/v2\/users\/1"}],"replies":[{"embeddable":true,"href":"https:\/\/pracownia52.pl\/www\/index.php?rest_route=%2Fwp%2Fv2%2Fcomments&post=10038"}],"version-history":[{"count":11,"href":"https:\/\/pracownia52.pl\/www\/index.php?rest_route=\/wp\/v2\/pages\/10038\/revisions"}],"predecessor-version":[{"id":10520,"href":"https:\/\/pracownia52.pl\/www\/index.php?rest_route=\/wp\/v2\/pages\/10038\/revisions\/10520"}],"wp:attachment":[{"href":"https:\/\/pracownia52.pl\/www\/index.php?rest_route=%2Fwp%2Fv2%2Fmedia&parent=10038"}],"curies":[{"name":"wp","href":"https:\/\/api.w.org\/{rel}","templated":true}]}}