{"id":3658,"date":"2013-04-10T08:32:02","date_gmt":"2013-04-10T08:32:02","guid":{"rendered":"http:\/\/pracownia52.pl\/www\/?page_id=3658"},"modified":"2019-09-30T17:57:46","modified_gmt":"2019-09-30T17:57:46","slug":"warszawa","status":"publish","type":"page","link":"https:\/\/pracownia52.pl\/www\/?page_id=3658","title":{"rendered":"warszawa"},"content":{"rendered":"\n<p>w latach 60. (tak, tak: <a href=\"http:\/\/nikt.net\/?p=190\"><strong>kodak baby brownie<\/strong><\/a>, flexaret, smiena 8\u2026 niewiele si\u0119 osta\u0142o, ale) i p\u00f3\u017aniej, wi\u0119cej: w 70. zawsze gdzie\u015b. a te\u017c: \u201e<a href=\"http:\/\/pracownia52.pl\/www\/?page_id=2641\"><strong>Dom<\/strong><\/a>\u201d &#8212; i inne, np. <a href=\"http:\/\/pracownia52.pl\/www\/?p=3298\">bli\u017csze wsp\u00f3\u0142czesno\u015bci<\/a>; w pewnym sensie\u2026<br \/>do uporz\u0105dkowania.<br \/>mr m.<\/p>\n\n\n\n<p><strong>lewarszawa<\/strong><\/p>\n\n\n\n<p>\u2022 <strong>Stare Miasto<\/strong> (1976? 77? \u2013 klatka po klatce, bez monta\u017cu\u2026)<\/p>\n\n\n\n<ul class=\"wp-block-gallery columns-1 is-cropped wp-block-gallery-1 is-layout-flex wp-block-gallery-is-layout-flex\"><li class=\"blocks-gallery-item\"><figure><a href=\"https:\/\/pracownia52.pl\/www\/wp-content\/uploads\/2013\/04\/stare-miasto-wwa-cca-1977-76-moze-41-foton-neg-1800pxl.jpg\"><img loading=\"lazy\" decoding=\"async\" width=\"1800\" height=\"241\" src=\"https:\/\/pracownia52.pl\/www\/wp-content\/uploads\/2013\/04\/stare-miasto-wwa-cca-1977-76-moze-41-foton-neg-1800pxl.jpg\" alt=\"\" data-id=\"5249\" class=\"wp-image-5249\" srcset=\"https:\/\/pracownia52.pl\/www\/wp-content\/uploads\/2013\/04\/stare-miasto-wwa-cca-1977-76-moze-41-foton-neg-1800pxl.jpg?v=1627123914 1800w, https:\/\/pracownia52.pl\/www\/wp-content\/uploads\/2013\/04\/stare-miasto-wwa-cca-1977-76-moze-41-foton-neg-1800pxl-300x40.jpg?v=1627123914 300w, https:\/\/pracownia52.pl\/www\/wp-content\/uploads\/2013\/04\/stare-miasto-wwa-cca-1977-76-moze-41-foton-neg-1800pxl-1024x137.jpg?v=1627123914 1024w, https:\/\/pracownia52.pl\/www\/wp-content\/uploads\/2013\/04\/stare-miasto-wwa-cca-1977-76-moze-41-foton-neg-1800pxl-768x103.jpg?v=1627123914 768w, https:\/\/pracownia52.pl\/www\/wp-content\/uploads\/2013\/04\/stare-miasto-wwa-cca-1977-76-moze-41-foton-neg-1800pxl-1536x206.jpg?v=1627123914 1536w\" sizes=\"auto, (max-width: 767px) 89vw, (max-width: 1000px) 54vw, (max-width: 1071px) 543px, 580px\" \/><\/a><\/figure><\/li><\/ul>\n\n\n\n<p>\u2022 <strong>\u015ar\u00f3dmie\u015bcie<\/strong>\u2026<\/p>\n\n\n\n<figure class=\"wp-block-image\"><img loading=\"lazy\" decoding=\"async\" width=\"685\" height=\"1024\" src=\"https:\/\/pracownia52.pl\/www\/wp-content\/uploads\/2019\/03\/1979-rok-Nowy-Swiat-24-fot-mr-makowski-029-685x1024.jpg\" alt=\"\" class=\"wp-image-9250\" srcset=\"https:\/\/pracownia52.pl\/www\/wp-content\/uploads\/2019\/03\/1979-rok-Nowy-Swiat-24-fot-mr-makowski-029-685x1024.jpg?v=1627123608 685w, https:\/\/pracownia52.pl\/www\/wp-content\/uploads\/2019\/03\/1979-rok-Nowy-Swiat-24-fot-mr-makowski-029-201x300.jpg?v=1627123608 201w, https:\/\/pracownia52.pl\/www\/wp-content\/uploads\/2019\/03\/1979-rok-Nowy-Swiat-24-fot-mr-makowski-029-768x1148.jpg?v=1627123608 768w, https:\/\/pracownia52.pl\/www\/wp-content\/uploads\/2019\/03\/1979-rok-Nowy-Swiat-24-fot-mr-makowski-029.jpg?v=1627123608 803w\" sizes=\"auto, (max-width: 685px) 100vw, 685px\" \/><figcaption>ul. Nowy \u015awiat 24 (1979); na dole, w mieszkaniu na parterze czas jaki\u015b funkcjonowa\u0142a sekta hinduistyczna, robili\u015bmy <a href=\"https:\/\/pracownia52.pl\/www\/?page_id=325\">z Witkiem Paw\u0142owskim dla \u201e<strong>itd<\/strong>\u201d<\/a> (1980?) co\u015b o nich,: on \u2013 tekst, ja \u2013 zdj\u0119cia, nie chcieli pokazywa\u0107 twarzy\u2026<\/figcaption><\/figure>\n\n\n\n<ul class=\"wp-block-gallery columns-2 is-cropped wp-block-gallery-2 is-layout-flex wp-block-gallery-is-layout-flex\"><li class=\"blocks-gallery-item\"><figure><a href=\"https:\/\/pracownia52.pl\/www\/wp-content\/uploads\/2018\/11\/01-1979-dzieci-Hoza-028-fot-mr-makowski.jpg\"><img loading=\"lazy\" decoding=\"async\" width=\"1200\" height=\"795\" src=\"https:\/\/pracownia52.pl\/www\/wp-content\/uploads\/2018\/11\/01-1979-dzieci-Hoza-028-fot-mr-makowski.jpg\" alt=\"\" data-id=\"7990\" class=\"wp-image-7990\" srcset=\"https:\/\/pracownia52.pl\/www\/wp-content\/uploads\/2018\/11\/01-1979-dzieci-Hoza-028-fot-mr-makowski.jpg?v=1627123677 1200w, https:\/\/pracownia52.pl\/www\/wp-content\/uploads\/2018\/11\/01-1979-dzieci-Hoza-028-fot-mr-makowski-300x199.jpg?v=1627123677 300w, https:\/\/pracownia52.pl\/www\/wp-content\/uploads\/2018\/11\/01-1979-dzieci-Hoza-028-fot-mr-makowski-1024x678.jpg?v=1627123677 1024w, https:\/\/pracownia52.pl\/www\/wp-content\/uploads\/2018\/11\/01-1979-dzieci-Hoza-028-fot-mr-makowski-768x509.jpg?v=1627123677 768w\" sizes=\"auto, (max-width: 767px) 89vw, (max-width: 1000px) 54vw, (max-width: 1071px) 543px, 580px\" \/><\/a><figcaption>ul. Ho\u017ca (?), kon. lat 70.<\/figcaption><\/figure><\/li><li class=\"blocks-gallery-item\"><figure><a href=\"https:\/\/pracownia52.pl\/www\/wp-content\/uploads\/2018\/11\/02-1979-dzieci-Swierczewskiego-ciemnia-ja031-fot-mr-makowski.jpg\"><img loading=\"lazy\" decoding=\"async\" width=\"1200\" height=\"809\" src=\"https:\/\/pracownia52.pl\/www\/wp-content\/uploads\/2018\/11\/02-1979-dzieci-Swierczewskiego-ciemnia-ja031-fot-mr-makowski.jpg\" alt=\"\" data-id=\"7991\" class=\"wp-image-7991\" srcset=\"https:\/\/pracownia52.pl\/www\/wp-content\/uploads\/2018\/11\/02-1979-dzieci-Swierczewskiego-ciemnia-ja031-fot-mr-makowski.jpg?v=1627123676 1200w, https:\/\/pracownia52.pl\/www\/wp-content\/uploads\/2018\/11\/02-1979-dzieci-Swierczewskiego-ciemnia-ja031-fot-mr-makowski-300x202.jpg?v=1627123676 300w, https:\/\/pracownia52.pl\/www\/wp-content\/uploads\/2018\/11\/02-1979-dzieci-Swierczewskiego-ciemnia-ja031-fot-mr-makowski-1024x690.jpg?v=1627123676 1024w, https:\/\/pracownia52.pl\/www\/wp-content\/uploads\/2018\/11\/02-1979-dzieci-Swierczewskiego-ciemnia-ja031-fot-mr-makowski-768x518.jpg?v=1627123676 768w\" sizes=\"auto, (max-width: 767px) 89vw, (max-width: 1000px) 54vw, (max-width: 1071px) 543px, 580px\" \/><\/a><figcaption>podw\u00f3rko d. \u015awierczewskiego, kon. lat 70.<\/figcaption><\/figure><\/li><\/ul>\n\n\n\n<ul class=\"wp-block-gallery columns-2 is-cropped wp-block-gallery-3 is-layout-flex wp-block-gallery-is-layout-flex\"><li class=\"blocks-gallery-item\"><figure><a href=\"https:\/\/pracownia52.pl\/www\/wp-content\/uploads\/2019\/01\/1979-Hoza-Zurawia-022-fot-mr-makowski-Dozorca-1024x688.jpg\"><img loading=\"lazy\" decoding=\"async\" width=\"1024\" height=\"688\" src=\"https:\/\/pracownia52.pl\/www\/wp-content\/uploads\/2019\/01\/1979-Hoza-Zurawia-022-fot-mr-makowski-Dozorca-1024x688.jpg\" alt=\"\" data-id=\"8950\" class=\"wp-image-8950\" srcset=\"https:\/\/pracownia52.pl\/www\/wp-content\/uploads\/2019\/01\/1979-Hoza-Zurawia-022-fot-mr-makowski-Dozorca-1024x688.jpg?v=1627123633 1024w, https:\/\/pracownia52.pl\/www\/wp-content\/uploads\/2019\/01\/1979-Hoza-Zurawia-022-fot-mr-makowski-Dozorca-300x202.jpg?v=1627123633 300w, https:\/\/pracownia52.pl\/www\/wp-content\/uploads\/2019\/01\/1979-Hoza-Zurawia-022-fot-mr-makowski-Dozorca-768x516.jpg?v=1627123633 768w, https:\/\/pracownia52.pl\/www\/wp-content\/uploads\/2019\/01\/1979-Hoza-Zurawia-022-fot-mr-makowski-Dozorca.jpg?v=1627123633 1200w\" sizes=\"auto, (max-width: 767px) 89vw, (max-width: 1000px) 54vw, (max-width: 1071px) 543px, 580px\" \/><\/a><figcaption>wczesne lata 70.<\/figcaption><\/figure><\/li><li class=\"blocks-gallery-item\"><figure><a href=\"https:\/\/pracownia52.pl\/www\/wp-content\/uploads\/2019\/02\/001-1978-Atlantic-fot-mr-makowski-AA-707-1024x631.jpg\"><img loading=\"lazy\" decoding=\"async\" width=\"1024\" height=\"631\" src=\"https:\/\/pracownia52.pl\/www\/wp-content\/uploads\/2019\/02\/001-1978-Atlantic-fot-mr-makowski-AA-707-1024x631.jpg\" alt=\"\" data-id=\"8993\" data-link=\"https:\/\/pracownia52.pl\/www\/?attachment_id=8993\" class=\"wp-image-8993\" srcset=\"https:\/\/pracownia52.pl\/www\/wp-content\/uploads\/2019\/02\/001-1978-Atlantic-fot-mr-makowski-AA-707-1024x631.jpg?v=1627123630 1024w, https:\/\/pracownia52.pl\/www\/wp-content\/uploads\/2019\/02\/001-1978-Atlantic-fot-mr-makowski-AA-707-300x185.jpg?v=1627123630 300w, https:\/\/pracownia52.pl\/www\/wp-content\/uploads\/2019\/02\/001-1978-Atlantic-fot-mr-makowski-AA-707-768x473.jpg?v=1627123630 768w, https:\/\/pracownia52.pl\/www\/wp-content\/uploads\/2019\/02\/001-1978-Atlantic-fot-mr-makowski-AA-707.jpg?v=1627123630 1200w\" sizes=\"auto, (max-width: 767px) 89vw, (max-width: 1000px) 54vw, (max-width: 1071px) 543px, 580px\" \/><\/a><figcaption>ok. 1977 r.<\/figcaption><\/figure><\/li><\/ul>\n\n\n\n<ul class=\"wp-block-gallery columns-1 is-cropped wp-block-gallery-4 is-layout-flex wp-block-gallery-is-layout-flex\"><li class=\"blocks-gallery-item\"><figure><a href=\"https:\/\/pracownia52.pl\/www\/wp-content\/uploads\/2019\/06\/1979-Hoza-fot-mr-makowski-025-low-res-676x1024.jpg\"><img loading=\"lazy\" decoding=\"async\" width=\"676\" height=\"1024\" src=\"https:\/\/pracownia52.pl\/www\/wp-content\/uploads\/2019\/06\/1979-Hoza-fot-mr-makowski-025-low-res-676x1024.jpg\" alt=\"\" data-id=\"9507\" class=\"wp-image-9507\" srcset=\"https:\/\/pracownia52.pl\/www\/wp-content\/uploads\/2019\/06\/1979-Hoza-fot-mr-makowski-025-low-res-676x1024.jpg?v=1627123577 676w, https:\/\/pracownia52.pl\/www\/wp-content\/uploads\/2019\/06\/1979-Hoza-fot-mr-makowski-025-low-res-198x300.jpg?v=1627123577 198w, https:\/\/pracownia52.pl\/www\/wp-content\/uploads\/2019\/06\/1979-Hoza-fot-mr-makowski-025-low-res-768x1164.jpg?v=1627123577 768w, https:\/\/pracownia52.pl\/www\/wp-content\/uploads\/2019\/06\/1979-Hoza-fot-mr-makowski-025-low-res.jpg?v=1627123577 792w\" sizes=\"auto, (max-width: 676px) 100vw, 676px\" \/><\/a><figcaption>ul. Ho\u017ca (1979)<\/figcaption><\/figure><\/li><\/ul>\n\n\n\n<p>\u2022 <strong>pl. Trzech Krzy\u017cy&nbsp;<\/strong>(nieco wi\u0119cej opisu: <a href=\"http:\/\/ooops.pl\/?p=34493\"><strong>tam<\/strong><\/a>)<\/p>\n\n\n\n<ul class=\"wp-block-gallery columns-2 is-cropped wp-block-gallery-5 is-layout-flex wp-block-gallery-is-layout-flex\"><li class=\"blocks-gallery-item\"><figure><a href=\"https:\/\/pracownia52.pl\/www\/wp-content\/uploads\/2018\/06\/001-197x-kamienica-na-pl-3-krzyzy-low-fot-mr-makowski.jpg\"><img loading=\"lazy\" decoding=\"async\" width=\"1200\" height=\"783\" src=\"https:\/\/pracownia52.pl\/www\/wp-content\/uploads\/2018\/06\/001-197x-kamienica-na-pl-3-krzyzy-low-fot-mr-makowski.jpg\" alt=\"\" data-id=\"7621\" class=\"wp-image-7621\" srcset=\"https:\/\/pracownia52.pl\/www\/wp-content\/uploads\/2018\/06\/001-197x-kamienica-na-pl-3-krzyzy-low-fot-mr-makowski.jpg?v=1627123702 1200w, https:\/\/pracownia52.pl\/www\/wp-content\/uploads\/2018\/06\/001-197x-kamienica-na-pl-3-krzyzy-low-fot-mr-makowski-300x196.jpg?v=1627123702 300w, https:\/\/pracownia52.pl\/www\/wp-content\/uploads\/2018\/06\/001-197x-kamienica-na-pl-3-krzyzy-low-fot-mr-makowski-1024x668.jpg?v=1627123702 1024w, https:\/\/pracownia52.pl\/www\/wp-content\/uploads\/2018\/06\/001-197x-kamienica-na-pl-3-krzyzy-low-fot-mr-makowski-768x501.jpg?v=1627123702 768w\" sizes=\"auto, (max-width: 767px) 89vw, (max-width: 1000px) 54vw, (max-width: 1071px) 543px, 580px\" \/><\/a><\/figure><\/li><li class=\"blocks-gallery-item\"><figure><a href=\"https:\/\/pracownia52.pl\/www\/wp-content\/uploads\/2018\/06\/003-197x-kamienica-na-pl-3-krzyzy-low-fot-mr-makowski.jpg\"><img loading=\"lazy\" decoding=\"async\" width=\"1200\" height=\"790\" src=\"https:\/\/pracownia52.pl\/www\/wp-content\/uploads\/2018\/06\/003-197x-kamienica-na-pl-3-krzyzy-low-fot-mr-makowski.jpg\" alt=\"\" data-id=\"7623\" class=\"wp-image-7623\" srcset=\"https:\/\/pracownia52.pl\/www\/wp-content\/uploads\/2018\/06\/003-197x-kamienica-na-pl-3-krzyzy-low-fot-mr-makowski.jpg?v=1627123701 1200w, https:\/\/pracownia52.pl\/www\/wp-content\/uploads\/2018\/06\/003-197x-kamienica-na-pl-3-krzyzy-low-fot-mr-makowski-300x198.jpg?v=1627123701 300w, https:\/\/pracownia52.pl\/www\/wp-content\/uploads\/2018\/06\/003-197x-kamienica-na-pl-3-krzyzy-low-fot-mr-makowski-1024x674.jpg?v=1627123701 1024w, https:\/\/pracownia52.pl\/www\/wp-content\/uploads\/2018\/06\/003-197x-kamienica-na-pl-3-krzyzy-low-fot-mr-makowski-768x506.jpg?v=1627123701 768w\" sizes=\"auto, (max-width: 767px) 89vw, (max-width: 1000px) 54vw, (max-width: 1071px) 543px, 580px\" \/><\/a><\/figure><\/li><\/ul>\n\n\n\n<p>\u2022 ul. <strong>Karowa<\/strong> (dzi\u015b Karowa 18A, nowy budynek); rok 1976 lub 77<\/p>\n\n\n\n<figure class=\"wp-block-image\"><img loading=\"lazy\" decoding=\"async\" width=\"1024\" height=\"661\" src=\"https:\/\/pracownia52.pl\/www\/wp-content\/uploads\/2019\/04\/1976-lub-77-warszawa-ul-Karowa-mr-makowski-foto-113-low-1024x661.jpg\" alt=\"\" class=\"wp-image-9341\" srcset=\"https:\/\/pracownia52.pl\/www\/wp-content\/uploads\/2019\/04\/1976-lub-77-warszawa-ul-Karowa-mr-makowski-foto-113-low-1024x661.jpg?v=1627123603 1024w, https:\/\/pracownia52.pl\/www\/wp-content\/uploads\/2019\/04\/1976-lub-77-warszawa-ul-Karowa-mr-makowski-foto-113-low-300x194.jpg?v=1627123603 300w, https:\/\/pracownia52.pl\/www\/wp-content\/uploads\/2019\/04\/1976-lub-77-warszawa-ul-Karowa-mr-makowski-foto-113-low-768x496.jpg?v=1627123603 768w, https:\/\/pracownia52.pl\/www\/wp-content\/uploads\/2019\/04\/1976-lub-77-warszawa-ul-Karowa-mr-makowski-foto-113-low.jpg?v=1627123603 1200w\" sizes=\"auto, (max-width: 767px) 89vw, (max-width: 1000px) 54vw, (max-width: 1071px) 543px, 580px\" \/><\/figure>\n\n\n\n<p>\u2022 <strong>Czerniak\u00f3w&nbsp;<\/strong>(pocz. lat 70. \/ 1980)<\/p>\n\n\n\n<ul class=\"wp-block-gallery columns-4 is-cropped wp-block-gallery-6 is-layout-flex wp-block-gallery-is-layout-flex\"><li class=\"blocks-gallery-item\"><figure><a href=\"https:\/\/pracownia52.pl\/www\/wp-content\/uploads\/2013\/04\/1974-chyba-warszawa-czerniakowska-26.jpg\"><img loading=\"lazy\" decoding=\"async\" width=\"531\" height=\"800\" src=\"https:\/\/pracownia52.pl\/www\/wp-content\/uploads\/2013\/04\/1974-chyba-warszawa-czerniakowska-26.jpg\" alt=\"\" data-id=\"3660\" class=\"wp-image-3660\" srcset=\"https:\/\/pracownia52.pl\/www\/wp-content\/uploads\/2013\/04\/1974-chyba-warszawa-czerniakowska-26.jpg?v=1627124096 531w, https:\/\/pracownia52.pl\/www\/wp-content\/uploads\/2013\/04\/1974-chyba-warszawa-czerniakowska-26-199x300.jpg?v=1627124096 199w\" sizes=\"auto, (max-width: 531px) 100vw, 531px\" \/><\/a><\/figure><\/li><li class=\"blocks-gallery-item\"><figure><a href=\"https:\/\/pracownia52.pl\/www\/wp-content\/uploads\/2013\/04\/1974-lub6-szwolezerow-wwa-25.jpg\"><img loading=\"lazy\" decoding=\"async\" width=\"523\" height=\"800\" src=\"https:\/\/pracownia52.pl\/www\/wp-content\/uploads\/2013\/04\/1974-lub6-szwolezerow-wwa-25.jpg\" alt=\"\" data-id=\"3661\" class=\"wp-image-3661\" srcset=\"https:\/\/pracownia52.pl\/www\/wp-content\/uploads\/2013\/04\/1974-lub6-szwolezerow-wwa-25.jpg?v=1627124096 523w, https:\/\/pracownia52.pl\/www\/wp-content\/uploads\/2013\/04\/1974-lub6-szwolezerow-wwa-25-196x300.jpg?v=1627124096 196w\" sizes=\"auto, (max-width: 523px) 100vw, 523px\" \/><\/a><figcaption>podw\u00f3rko przy ul. Szwole\u017cer\u00f3w<\/figcaption><\/figure><\/li><li class=\"blocks-gallery-item\"><figure><a href=\"https:\/\/pracownia52.pl\/www\/wp-content\/uploads\/2013\/04\/1979-lub-80-ul-czerniakowska-roczn-25-lat-Medyka-004.jpg\"><img loading=\"lazy\" decoding=\"async\" width=\"800\" height=\"1215\" src=\"https:\/\/pracownia52.pl\/www\/wp-content\/uploads\/2013\/04\/1979-lub-80-ul-czerniakowska-roczn-25-lat-Medyka-004.jpg\" alt=\"\" data-id=\"5539\" class=\"wp-image-5539\" srcset=\"https:\/\/pracownia52.pl\/www\/wp-content\/uploads\/2013\/04\/1979-lub-80-ul-czerniakowska-roczn-25-lat-Medyka-004.jpg?v=1627123892 800w, https:\/\/pracownia52.pl\/www\/wp-content\/uploads\/2013\/04\/1979-lub-80-ul-czerniakowska-roczn-25-lat-Medyka-004-198x300.jpg?v=1627123892 198w, https:\/\/pracownia52.pl\/www\/wp-content\/uploads\/2013\/04\/1979-lub-80-ul-czerniakowska-roczn-25-lat-Medyka-004-674x1024.jpg?v=1627123892 674w, https:\/\/pracownia52.pl\/www\/wp-content\/uploads\/2013\/04\/1979-lub-80-ul-czerniakowska-roczn-25-lat-Medyka-004-768x1166.jpg?v=1627123892 768w\" sizes=\"auto, (max-width: 767px) 89vw, (max-width: 1000px) 54vw, (max-width: 1071px) 543px, 580px\" \/><\/a><figcaption>ul. Czerniakowska<\/figcaption><\/figure><\/li><\/ul>\n\n\n\n<p>\u2022<strong> ul. \u017belazna<\/strong> (po\u0142. l. 70.)<\/p>\n\n\n\n<ul class=\"wp-block-gallery columns-4 is-cropped wp-block-gallery-7 is-layout-flex wp-block-gallery-is-layout-flex\"><li class=\"blocks-gallery-item\"><figure><a href=\"https:\/\/pracownia52.pl\/www\/wp-content\/uploads\/2013\/04\/1979-warszawa-ul-zelazna-13.jpg\"><img loading=\"lazy\" decoding=\"async\" width=\"534\" height=\"800\" src=\"https:\/\/pracownia52.pl\/www\/wp-content\/uploads\/2013\/04\/1979-warszawa-ul-zelazna-13.jpg\" alt=\"\" data-id=\"3669\" class=\"wp-image-3669\" srcset=\"https:\/\/pracownia52.pl\/www\/wp-content\/uploads\/2013\/04\/1979-warszawa-ul-zelazna-13.jpg?v=1627124094 534w, https:\/\/pracownia52.pl\/www\/wp-content\/uploads\/2013\/04\/1979-warszawa-ul-zelazna-13-200x300.jpg?v=1627124094 200w\" sizes=\"auto, (max-width: 534px) 100vw, 534px\" \/><\/a><\/figure><\/li><li class=\"blocks-gallery-item\"><figure><a href=\"https:\/\/pracownia52.pl\/www\/wp-content\/uploads\/2013\/04\/1979-warszawa-ul-zelazna-6.jpg\"><img loading=\"lazy\" decoding=\"async\" width=\"800\" height=\"530\" src=\"https:\/\/pracownia52.pl\/www\/wp-content\/uploads\/2013\/04\/1979-warszawa-ul-zelazna-6.jpg\" alt=\"\" data-id=\"3667\" class=\"wp-image-3667\" srcset=\"https:\/\/pracownia52.pl\/www\/wp-content\/uploads\/2013\/04\/1979-warszawa-ul-zelazna-6.jpg?v=1627124095 800w, https:\/\/pracownia52.pl\/www\/wp-content\/uploads\/2013\/04\/1979-warszawa-ul-zelazna-6-300x199.jpg?v=1627124095 300w, https:\/\/pracownia52.pl\/www\/wp-content\/uploads\/2013\/04\/1979-warszawa-ul-zelazna-6-768x509.jpg?v=1627124095 768w\" sizes=\"auto, (max-width: 767px) 89vw, (max-width: 1000px) 54vw, (max-width: 1071px) 543px, 580px\" \/><\/a><\/figure><\/li><li class=\"blocks-gallery-item\"><figure><a href=\"https:\/\/pracownia52.pl\/www\/wp-content\/uploads\/2013\/04\/1979-warszawa-ul-zelazna-7.jpg\"><img loading=\"lazy\" decoding=\"async\" width=\"800\" height=\"531\" src=\"https:\/\/pracownia52.pl\/www\/wp-content\/uploads\/2013\/04\/1979-warszawa-ul-zelazna-7.jpg\" alt=\"\" data-id=\"3668\" class=\"wp-image-3668\" srcset=\"https:\/\/pracownia52.pl\/www\/wp-content\/uploads\/2013\/04\/1979-warszawa-ul-zelazna-7.jpg?v=1627124094 800w, https:\/\/pracownia52.pl\/www\/wp-content\/uploads\/2013\/04\/1979-warszawa-ul-zelazna-7-300x199.jpg?v=1627124094 300w, https:\/\/pracownia52.pl\/www\/wp-content\/uploads\/2013\/04\/1979-warszawa-ul-zelazna-7-768x510.jpg?v=1627124094 768w\" sizes=\"auto, (max-width: 767px) 89vw, (max-width: 1000px) 54vw, (max-width: 1071px) 543px, 580px\" \/><\/a><\/figure><\/li><li class=\"blocks-gallery-item\"><figure><a href=\"https:\/\/pracownia52.pl\/www\/wp-content\/uploads\/2013\/04\/1979-warszawa-ul-zelazna-1.jpg\"><img loading=\"lazy\" decoding=\"async\" width=\"800\" height=\"534\" src=\"https:\/\/pracownia52.pl\/www\/wp-content\/uploads\/2013\/04\/1979-warszawa-ul-zelazna-1.jpg\" alt=\"\" data-id=\"3665\" class=\"wp-image-3665\" srcset=\"https:\/\/pracownia52.pl\/www\/wp-content\/uploads\/2013\/04\/1979-warszawa-ul-zelazna-1.jpg?v=1627124095 800w, https:\/\/pracownia52.pl\/www\/wp-content\/uploads\/2013\/04\/1979-warszawa-ul-zelazna-1-300x200.jpg?v=1627124095 300w, https:\/\/pracownia52.pl\/www\/wp-content\/uploads\/2013\/04\/1979-warszawa-ul-zelazna-1-768x513.jpg?v=1627124095 768w\" sizes=\"auto, (max-width: 767px) 89vw, (max-width: 1000px) 54vw, (max-width: 1071px) 543px, 580px\" \/><\/a><\/figure><\/li><li class=\"blocks-gallery-item\"><figure><a href=\"https:\/\/pracownia52.pl\/www\/wp-content\/uploads\/2013\/04\/1979-warszawa-ul-zelazna-5.jpg\"><img loading=\"lazy\" decoding=\"async\" width=\"530\" height=\"800\" src=\"https:\/\/pracownia52.pl\/www\/wp-content\/uploads\/2013\/04\/1979-warszawa-ul-zelazna-5.jpg\" alt=\"\" data-id=\"3666\" class=\"wp-image-3666\" srcset=\"https:\/\/pracownia52.pl\/www\/wp-content\/uploads\/2013\/04\/1979-warszawa-ul-zelazna-5.jpg?v=1627124095 530w, https:\/\/pracownia52.pl\/www\/wp-content\/uploads\/2013\/04\/1979-warszawa-ul-zelazna-5-199x300.jpg?v=1627124095 199w\" sizes=\"auto, (max-width: 530px) 100vw, 530px\" \/><\/a><\/figure><\/li><li class=\"blocks-gallery-item\"><figure><a href=\"https:\/\/pracownia52.pl\/www\/wp-content\/uploads\/2019\/09\/P5290652-low.jpg\"><img loading=\"lazy\" decoding=\"async\" width=\"800\" height=\"600\" src=\"https:\/\/pracownia52.pl\/www\/wp-content\/uploads\/2019\/09\/P5290652-low.jpg\" alt=\"\" data-id=\"9602\" data-link=\"https:\/\/pracownia52.pl\/www\/?attachment_id=9602\" class=\"wp-image-9602\" srcset=\"https:\/\/pracownia52.pl\/www\/wp-content\/uploads\/2019\/09\/P5290652-low.jpg?v=1627123568 800w, https:\/\/pracownia52.pl\/www\/wp-content\/uploads\/2019\/09\/P5290652-low-300x225.jpg?v=1627123568 300w, https:\/\/pracownia52.pl\/www\/wp-content\/uploads\/2019\/09\/P5290652-low-768x576.jpg?v=1627123568 768w\" sizes=\"auto, (max-width: 767px) 89vw, (max-width: 1000px) 54vw, (max-width: 1071px) 543px, 580px\" \/><\/a><figcaption>ul. <strong><a href=\"https:\/\/dzieje.pl\/aktualnosci\/75-lat-temu-w-warszawskim-getcie-otwarto-most-nad-ulica-chlodna\">Ch\u0142odna<\/a><\/strong> r\u00f3g \u017belaznej, 2008 rok<\/figcaption><\/figure><\/li><\/ul>\n\n\n\n<p>\u2022 <strong>ul. Walic\u00f3w <\/strong>(1979)<\/p>\n\n\n\n<ul class=\"wp-block-gallery columns-4 is-cropped wp-block-gallery-8 is-layout-flex wp-block-gallery-is-layout-flex\"><li class=\"blocks-gallery-item\"><figure><a href=\"https:\/\/pracownia52.pl\/www\/wp-content\/uploads\/2013\/04\/walicow-1979-warszawa-low-1.jpg\"><img loading=\"lazy\" decoding=\"async\" width=\"800\" height=\"529\" src=\"https:\/\/pracownia52.pl\/www\/wp-content\/uploads\/2013\/04\/walicow-1979-warszawa-low-1.jpg\" alt=\"\" data-id=\"3695\" class=\"wp-image-3695\" srcset=\"https:\/\/pracownia52.pl\/www\/wp-content\/uploads\/2013\/04\/walicow-1979-warszawa-low-1.jpg?v=1627124090 800w, https:\/\/pracownia52.pl\/www\/wp-content\/uploads\/2013\/04\/walicow-1979-warszawa-low-1-300x198.jpg?v=1627124090 300w, https:\/\/pracownia52.pl\/www\/wp-content\/uploads\/2013\/04\/walicow-1979-warszawa-low-1-768x508.jpg?v=1627124090 768w\" sizes=\"auto, (max-width: 767px) 89vw, (max-width: 1000px) 54vw, (max-width: 1071px) 543px, 580px\" \/><\/a><\/figure><\/li><li class=\"blocks-gallery-item\"><figure><a href=\"https:\/\/pracownia52.pl\/www\/wp-content\/uploads\/2013\/04\/warszawa-1978-low-walicow-chyba-7.jpg\"><img loading=\"lazy\" decoding=\"async\" width=\"800\" height=\"623\" src=\"https:\/\/pracownia52.pl\/www\/wp-content\/uploads\/2013\/04\/warszawa-1978-low-walicow-chyba-7.jpg\" alt=\"\" data-id=\"3696\" class=\"wp-image-3696\" srcset=\"https:\/\/pracownia52.pl\/www\/wp-content\/uploads\/2013\/04\/warszawa-1978-low-walicow-chyba-7.jpg?v=1627124090 800w, https:\/\/pracownia52.pl\/www\/wp-content\/uploads\/2013\/04\/warszawa-1978-low-walicow-chyba-7-300x234.jpg?v=1627124090 300w, https:\/\/pracownia52.pl\/www\/wp-content\/uploads\/2013\/04\/warszawa-1978-low-walicow-chyba-7-768x598.jpg?v=1627124090 768w\" sizes=\"auto, (max-width: 767px) 89vw, (max-width: 1000px) 54vw, (max-width: 1071px) 543px, 580px\" \/><\/a><\/figure><\/li><\/ul>\n\n\n\n<p>\u2022 <strong>ul. Grzybowska 24<\/strong> (1974)<\/p>\n\n\n\n<ul class=\"wp-block-gallery columns-4 is-cropped wp-block-gallery-9 is-layout-flex wp-block-gallery-is-layout-flex\"><li class=\"blocks-gallery-item\"><figure><a href=\"https:\/\/pracownia52.pl\/www\/wp-content\/uploads\/2013\/04\/1975-lub-76-kamienica-grzybowska-zima.jpg\"><img loading=\"lazy\" decoding=\"async\" width=\"533\" height=\"800\" src=\"https:\/\/pracownia52.pl\/www\/wp-content\/uploads\/2013\/04\/1975-lub-76-kamienica-grzybowska-zima.jpg\" alt=\"\" data-id=\"3663\" class=\"wp-image-3663\" srcset=\"https:\/\/pracownia52.pl\/www\/wp-content\/uploads\/2013\/04\/1975-lub-76-kamienica-grzybowska-zima.jpg?v=1627124096 533w, https:\/\/pracownia52.pl\/www\/wp-content\/uploads\/2013\/04\/1975-lub-76-kamienica-grzybowska-zima-200x300.jpg?v=1627124096 200w\" sizes=\"auto, (max-width: 533px) 100vw, 533px\" \/><\/a><\/figure><\/li><li class=\"blocks-gallery-item\"><figure><a href=\"https:\/\/pracownia52.pl\/www\/wp-content\/uploads\/2013\/04\/gdansk-1974-002-mn.jpg\"><img loading=\"lazy\" decoding=\"async\" width=\"450\" height=\"679\" src=\"https:\/\/pracownia52.pl\/www\/wp-content\/uploads\/2013\/04\/gdansk-1974-002-mn.jpg\" alt=\"\" data-id=\"3677\" class=\"wp-image-3677\" srcset=\"https:\/\/pracownia52.pl\/www\/wp-content\/uploads\/2013\/04\/gdansk-1974-002-mn.jpg?v=1627124092 450w, https:\/\/pracownia52.pl\/www\/wp-content\/uploads\/2013\/04\/gdansk-1974-002-mn-199x300.jpg?v=1627124092 199w\" sizes=\"auto, (max-width: 450px) 100vw, 450px\" \/><\/a><\/figure><\/li><li class=\"blocks-gallery-item\"><figure><a href=\"https:\/\/pracownia52.pl\/www\/wp-content\/uploads\/2016\/03\/800-grzybowska-1974-lub5-za-zelazna-brama-aska-v7oo-2030-budynek-dir-flat.jpg\"><img loading=\"lazy\" decoding=\"async\" width=\"800\" height=\"1186\" src=\"https:\/\/pracownia52.pl\/www\/wp-content\/uploads\/2016\/03\/800-grzybowska-1974-lub5-za-zelazna-brama-aska-v7oo-2030-budynek-dir-flat.jpg\" alt=\"\" data-id=\"5132\" class=\"wp-image-5132\" srcset=\"https:\/\/pracownia52.pl\/www\/wp-content\/uploads\/2016\/03\/800-grzybowska-1974-lub5-za-zelazna-brama-aska-v7oo-2030-budynek-dir-flat.jpg?v=1627123924 800w, https:\/\/pracownia52.pl\/www\/wp-content\/uploads\/2016\/03\/800-grzybowska-1974-lub5-za-zelazna-brama-aska-v7oo-2030-budynek-dir-flat-202x300.jpg?v=1627123924 202w, https:\/\/pracownia52.pl\/www\/wp-content\/uploads\/2016\/03\/800-grzybowska-1974-lub5-za-zelazna-brama-aska-v7oo-2030-budynek-dir-flat-691x1024.jpg?v=1627123924 691w, https:\/\/pracownia52.pl\/www\/wp-content\/uploads\/2016\/03\/800-grzybowska-1974-lub5-za-zelazna-brama-aska-v7oo-2030-budynek-dir-flat-768x1139.jpg?v=1627123924 768w\" sizes=\"auto, (max-width: 767px) 89vw, (max-width: 1000px) 54vw, (max-width: 1071px) 543px, 580px\" \/><\/a><\/figure><\/li><li class=\"blocks-gallery-item\"><figure><a href=\"https:\/\/pracownia52.pl\/www\/wp-content\/uploads\/2016\/03\/800-001-04-1974-kamienica-grzybowska-cd-dir-flat-v700-zima.jpg\"><img loading=\"lazy\" decoding=\"async\" width=\"800\" height=\"1196\" src=\"https:\/\/pracownia52.pl\/www\/wp-content\/uploads\/2016\/03\/800-001-04-1974-kamienica-grzybowska-cd-dir-flat-v700-zima.jpg\" alt=\"\" data-id=\"5133\" class=\"wp-image-5133\" srcset=\"https:\/\/pracownia52.pl\/www\/wp-content\/uploads\/2016\/03\/800-001-04-1974-kamienica-grzybowska-cd-dir-flat-v700-zima.jpg?v=1627123923 800w, https:\/\/pracownia52.pl\/www\/wp-content\/uploads\/2016\/03\/800-001-04-1974-kamienica-grzybowska-cd-dir-flat-v700-zima-201x300.jpg?v=1627123923 201w, https:\/\/pracownia52.pl\/www\/wp-content\/uploads\/2016\/03\/800-001-04-1974-kamienica-grzybowska-cd-dir-flat-v700-zima-685x1024.jpg?v=1627123923 685w, https:\/\/pracownia52.pl\/www\/wp-content\/uploads\/2016\/03\/800-001-04-1974-kamienica-grzybowska-cd-dir-flat-v700-zima-768x1148.jpg?v=1627123923 768w\" sizes=\"auto, (max-width: 767px) 89vw, (max-width: 1000px) 54vw, (max-width: 1071px) 543px, 580px\" \/><\/a><\/figure><\/li><li class=\"blocks-gallery-item\"><figure><a href=\"https:\/\/pracownia52.pl\/www\/wp-content\/uploads\/2016\/03\/800-002-04-1974-kamienica-grzybowska-cd-dir-flat-v700-zima.jpg\"><img loading=\"lazy\" decoding=\"async\" width=\"800\" height=\"1199\" src=\"https:\/\/pracownia52.pl\/www\/wp-content\/uploads\/2016\/03\/800-002-04-1974-kamienica-grzybowska-cd-dir-flat-v700-zima.jpg\" alt=\"\" data-id=\"5134\" class=\"wp-image-5134\" srcset=\"https:\/\/pracownia52.pl\/www\/wp-content\/uploads\/2016\/03\/800-002-04-1974-kamienica-grzybowska-cd-dir-flat-v700-zima.jpg?v=1627123923 800w, https:\/\/pracownia52.pl\/www\/wp-content\/uploads\/2016\/03\/800-002-04-1974-kamienica-grzybowska-cd-dir-flat-v700-zima-200x300.jpg?v=1627123923 200w, https:\/\/pracownia52.pl\/www\/wp-content\/uploads\/2016\/03\/800-002-04-1974-kamienica-grzybowska-cd-dir-flat-v700-zima-683x1024.jpg?v=1627123923 683w, https:\/\/pracownia52.pl\/www\/wp-content\/uploads\/2016\/03\/800-002-04-1974-kamienica-grzybowska-cd-dir-flat-v700-zima-768x1151.jpg?v=1627123923 768w\" sizes=\"auto, (max-width: 767px) 89vw, (max-width: 1000px) 54vw, (max-width: 1071px) 543px, 580px\" \/><\/a><\/figure><\/li><li class=\"blocks-gallery-item\"><figure><a href=\"https:\/\/pracownia52.pl\/www\/wp-content\/uploads\/2016\/03\/800-201-1974-lub5-za-zelazna-brama-aska-v7oo-028.jpg\"><img loading=\"lazy\" decoding=\"async\" width=\"800\" height=\"1208\" src=\"https:\/\/pracownia52.pl\/www\/wp-content\/uploads\/2016\/03\/800-201-1974-lub5-za-zelazna-brama-aska-v7oo-028.jpg\" alt=\"\" data-id=\"5140\" class=\"wp-image-5140\" srcset=\"https:\/\/pracownia52.pl\/www\/wp-content\/uploads\/2016\/03\/800-201-1974-lub5-za-zelazna-brama-aska-v7oo-028.jpg?v=1627123923 800w, https:\/\/pracownia52.pl\/www\/wp-content\/uploads\/2016\/03\/800-201-1974-lub5-za-zelazna-brama-aska-v7oo-028-199x300.jpg?v=1627123923 199w, https:\/\/pracownia52.pl\/www\/wp-content\/uploads\/2016\/03\/800-201-1974-lub5-za-zelazna-brama-aska-v7oo-028-678x1024.jpg?v=1627123923 678w, https:\/\/pracownia52.pl\/www\/wp-content\/uploads\/2016\/03\/800-201-1974-lub5-za-zelazna-brama-aska-v7oo-028-768x1160.jpg?v=1627123923 768w\" sizes=\"auto, (max-width: 767px) 89vw, (max-width: 1000px) 54vw, (max-width: 1071px) 543px, 580px\" \/><\/a><\/figure><\/li><\/ul>\n\n\n\n<figure class=\"wp-block-image\"><img loading=\"lazy\" decoding=\"async\" width=\"1228\" height=\"800\" src=\"https:\/\/pracownia52.pl\/www\/wp-content\/uploads\/2016\/03\/800-202-MO-1974-lub5-za-zelazna-brama-aska-v7oo-028.jpg\" alt=\"800-202-MO-1974-lub5-za-zelazna-brama-aska-v7oo-028\" class=\"wp-image-5141\" srcset=\"https:\/\/pracownia52.pl\/www\/wp-content\/uploads\/2016\/03\/800-202-MO-1974-lub5-za-zelazna-brama-aska-v7oo-028.jpg?v=1627123922 1228w, https:\/\/pracownia52.pl\/www\/wp-content\/uploads\/2016\/03\/800-202-MO-1974-lub5-za-zelazna-brama-aska-v7oo-028-300x195.jpg?v=1627123922 300w, https:\/\/pracownia52.pl\/www\/wp-content\/uploads\/2016\/03\/800-202-MO-1974-lub5-za-zelazna-brama-aska-v7oo-028-1024x667.jpg?v=1627123922 1024w, https:\/\/pracownia52.pl\/www\/wp-content\/uploads\/2016\/03\/800-202-MO-1974-lub5-za-zelazna-brama-aska-v7oo-028-768x500.jpg?v=1627123922 768w\" sizes=\"auto, (max-width: 767px) 89vw, (max-width: 1000px) 54vw, (max-width: 1071px) 543px, 580px\" \/><\/figure>\n\n\n\n<p>to zima 1974\/75 zapewne. jedno z tych zdje\u0107 le\u017cy sobie w \u201e<a href=\"http:\/\/ooops.pl\/?page_id=10844\"><strong>Obok<\/strong><\/a>\u2026\u201d, jako\u015b tak. rozpoczyna rozdzia\u0142 \u201e1969: odlot\u201d, czemu? nie wiem.<br \/>mr m.<br \/>\u2026<br \/>\u2022 wysypisko Radiowo, druga po\u0142owa lat 70. plus jedna \u015bmieciarka z ulicy (Aleje Jerozolimskie, wida\u0107 hotel \u201eForum\u201d\u2026) nieco p\u00f3\u017aniejsza (1979)<\/p>\n\n\n\n<ul class=\"wp-block-gallery columns-5 is-cropped wp-block-gallery-10 is-layout-flex wp-block-gallery-is-layout-flex\"><li class=\"blocks-gallery-item\"><figure><a href=\"https:\/\/pracownia52.pl\/www\/wp-content\/uploads\/2013\/04\/warszawa-1978-smieci-low-3.jpg\"><img loading=\"lazy\" decoding=\"async\" width=\"520\" height=\"800\" src=\"https:\/\/pracownia52.pl\/www\/wp-content\/uploads\/2013\/04\/warszawa-1978-smieci-low-3.jpg\" alt=\"\" data-id=\"3697\" class=\"wp-image-3697\" srcset=\"https:\/\/pracownia52.pl\/www\/wp-content\/uploads\/2013\/04\/warszawa-1978-smieci-low-3.jpg?v=1627124090 520w, https:\/\/pracownia52.pl\/www\/wp-content\/uploads\/2013\/04\/warszawa-1978-smieci-low-3-195x300.jpg?v=1627124090 195w\" sizes=\"auto, (max-width: 520px) 100vw, 520px\" \/><\/a><\/figure><\/li><li class=\"blocks-gallery-item\"><figure><a href=\"https:\/\/pracownia52.pl\/www\/wp-content\/uploads\/2013\/02\/wysypisko-radiowo-koniec-lat-70-56.jpg\"><img loading=\"lazy\" decoding=\"async\" width=\"530\" height=\"800\" src=\"https:\/\/pracownia52.pl\/www\/wp-content\/uploads\/2013\/02\/wysypisko-radiowo-koniec-lat-70-56.jpg\" alt=\"\" data-id=\"3541\" class=\"wp-image-3541\" srcset=\"https:\/\/pracownia52.pl\/www\/wp-content\/uploads\/2013\/02\/wysypisko-radiowo-koniec-lat-70-56.jpg?v=1627124108 530w, https:\/\/pracownia52.pl\/www\/wp-content\/uploads\/2013\/02\/wysypisko-radiowo-koniec-lat-70-56-199x300.jpg?v=1627124108 199w\" sizes=\"auto, (max-width: 530px) 100vw, 530px\" \/><\/a><\/figure><\/li><li class=\"blocks-gallery-item\"><figure><a href=\"https:\/\/pracownia52.pl\/www\/wp-content\/uploads\/2013\/02\/wysypisko-smieci-radiowo-koniec-lat-70-52.jpg\"><img loading=\"lazy\" decoding=\"async\" width=\"800\" height=\"531\" src=\"https:\/\/pracownia52.pl\/www\/wp-content\/uploads\/2013\/02\/wysypisko-smieci-radiowo-koniec-lat-70-52.jpg\" alt=\"\" data-id=\"3545\" class=\"wp-image-3545\" srcset=\"https:\/\/pracownia52.pl\/www\/wp-content\/uploads\/2013\/02\/wysypisko-smieci-radiowo-koniec-lat-70-52.jpg?v=1627124107 800w, https:\/\/pracownia52.pl\/www\/wp-content\/uploads\/2013\/02\/wysypisko-smieci-radiowo-koniec-lat-70-52-300x199.jpg?v=1627124107 300w, https:\/\/pracownia52.pl\/www\/wp-content\/uploads\/2013\/02\/wysypisko-smieci-radiowo-koniec-lat-70-52-768x510.jpg?v=1627124107 768w\" sizes=\"auto, (max-width: 767px) 89vw, (max-width: 1000px) 54vw, (max-width: 1071px) 543px, 580px\" \/><\/a><\/figure><\/li><li class=\"blocks-gallery-item\"><figure><a href=\"https:\/\/pracownia52.pl\/www\/wp-content\/uploads\/2013\/02\/wysypisko-radiowo-suchy-chleb-koniec-lat-70-41.jpg\"><img loading=\"lazy\" decoding=\"async\" width=\"522\" height=\"800\" src=\"https:\/\/pracownia52.pl\/www\/wp-content\/uploads\/2013\/02\/wysypisko-radiowo-suchy-chleb-koniec-lat-70-41.jpg\" alt=\"\" data-id=\"3544\" class=\"wp-image-3544\" srcset=\"https:\/\/pracownia52.pl\/www\/wp-content\/uploads\/2013\/02\/wysypisko-radiowo-suchy-chleb-koniec-lat-70-41.jpg?v=1627124107 522w, https:\/\/pracownia52.pl\/www\/wp-content\/uploads\/2013\/02\/wysypisko-radiowo-suchy-chleb-koniec-lat-70-41-196x300.jpg?v=1627124107 196w\" sizes=\"auto, (max-width: 522px) 100vw, 522px\" \/><\/a><\/figure><\/li><li class=\"blocks-gallery-item\"><figure><a href=\"https:\/\/pracownia52.pl\/www\/wp-content\/uploads\/2013\/02\/wysypisko-radiowo-koniec-lat-70-ch41.jpg\"><img loading=\"lazy\" decoding=\"async\" width=\"800\" height=\"530\" src=\"https:\/\/pracownia52.pl\/www\/wp-content\/uploads\/2013\/02\/wysypisko-radiowo-koniec-lat-70-ch41.jpg\" alt=\"\" data-id=\"3543\" class=\"wp-image-3543\" srcset=\"https:\/\/pracownia52.pl\/www\/wp-content\/uploads\/2013\/02\/wysypisko-radiowo-koniec-lat-70-ch41.jpg?v=1627124107 800w, https:\/\/pracownia52.pl\/www\/wp-content\/uploads\/2013\/02\/wysypisko-radiowo-koniec-lat-70-ch41-300x199.jpg?v=1627124107 300w, https:\/\/pracownia52.pl\/www\/wp-content\/uploads\/2013\/02\/wysypisko-radiowo-koniec-lat-70-ch41-768x509.jpg?v=1627124107 768w\" sizes=\"auto, (max-width: 767px) 89vw, (max-width: 1000px) 54vw, (max-width: 1071px) 543px, 580px\" \/><\/a><\/figure><\/li><li class=\"blocks-gallery-item\"><figure><a href=\"https:\/\/pracownia52.pl\/www\/wp-content\/uploads\/2013\/02\/wysypisko-radiowo-koniec-lat-70-ch-42.jpg\"><img loading=\"lazy\" decoding=\"async\" width=\"800\" height=\"537\" src=\"https:\/\/pracownia52.pl\/www\/wp-content\/uploads\/2013\/02\/wysypisko-radiowo-koniec-lat-70-ch-42.jpg\" alt=\"\" data-id=\"3542\" class=\"wp-image-3542\" srcset=\"https:\/\/pracownia52.pl\/www\/wp-content\/uploads\/2013\/02\/wysypisko-radiowo-koniec-lat-70-ch-42.jpg?v=1627124108 800w, https:\/\/pracownia52.pl\/www\/wp-content\/uploads\/2013\/02\/wysypisko-radiowo-koniec-lat-70-ch-42-300x201.jpg?v=1627124108 300w, https:\/\/pracownia52.pl\/www\/wp-content\/uploads\/2013\/02\/wysypisko-radiowo-koniec-lat-70-ch-42-768x516.jpg?v=1627124108 768w\" sizes=\"auto, (max-width: 767px) 89vw, (max-width: 1000px) 54vw, (max-width: 1071px) 543px, 580px\" \/><\/a><\/figure><\/li><li class=\"blocks-gallery-item\"><figure><a href=\"https:\/\/pracownia52.pl\/www\/wp-content\/uploads\/2013\/02\/radiowo-wysypisko-koniec-lat-70-50.jpg\"><img loading=\"lazy\" decoding=\"async\" width=\"800\" height=\"531\" src=\"https:\/\/pracownia52.pl\/www\/wp-content\/uploads\/2013\/02\/radiowo-wysypisko-koniec-lat-70-50.jpg\" alt=\"\" data-id=\"3531\" class=\"wp-image-3531\" srcset=\"https:\/\/pracownia52.pl\/www\/wp-content\/uploads\/2013\/02\/radiowo-wysypisko-koniec-lat-70-50.jpg?v=1627124111 800w, https:\/\/pracownia52.pl\/www\/wp-content\/uploads\/2013\/02\/radiowo-wysypisko-koniec-lat-70-50-300x199.jpg?v=1627124111 300w, https:\/\/pracownia52.pl\/www\/wp-content\/uploads\/2013\/02\/radiowo-wysypisko-koniec-lat-70-50-768x510.jpg?v=1627124111 768w\" sizes=\"auto, (max-width: 767px) 89vw, (max-width: 1000px) 54vw, (max-width: 1071px) 543px, 580px\" \/><\/a><\/figure><\/li><\/ul>\n\n\n\n<p>\u2022 <strong>\u017coliborz<\/strong><br \/>(koniec l. 60. i pocz. 70.)<\/p>\n\n\n\n<figure class=\"wp-block-image\"><img loading=\"lazy\" decoding=\"async\" width=\"1024\" height=\"701\" src=\"https:\/\/pracownia52.pl\/www\/wp-content\/uploads\/2019\/01\/1961-wsm-IV-kolonia-001-fot-mr-makowski-1024x701.jpg\" alt=\"\" class=\"wp-image-8952\" srcset=\"https:\/\/pracownia52.pl\/www\/wp-content\/uploads\/2019\/01\/1961-wsm-IV-kolonia-001-fot-mr-makowski-1024x701.jpg?v=1627123633 1024w, https:\/\/pracownia52.pl\/www\/wp-content\/uploads\/2019\/01\/1961-wsm-IV-kolonia-001-fot-mr-makowski-300x206.jpg?v=1627123633 300w, https:\/\/pracownia52.pl\/www\/wp-content\/uploads\/2019\/01\/1961-wsm-IV-kolonia-001-fot-mr-makowski-768x526.jpg?v=1627123633 768w, https:\/\/pracownia52.pl\/www\/wp-content\/uploads\/2019\/01\/1961-wsm-IV-kolonia-001-fot-mr-makowski.jpg?v=1627123633 1200w\" sizes=\"auto, (max-width: 767px) 89vw, (max-width: 1000px) 54vw, (max-width: 1071px) 543px, 580px\" \/><figcaption>ul. Krasi\u0144skiego (ok. 1961 roku), jedno z pierwszych mych zdj\u0119\u0107, <strong>Kodak&nbsp;Baby&nbsp;Brownie<\/strong><\/figcaption><\/figure>\n\n\n\n<ul class=\"wp-block-gallery columns-2 is-cropped wp-block-gallery-11 is-layout-flex wp-block-gallery-is-layout-flex\"><li class=\"blocks-gallery-item\"><figure><a href=\"https:\/\/pracownia52.pl\/www\/wp-content\/uploads\/2013\/04\/zdj-mr-makowski-liceum-1968-001low.jpg\"><img loading=\"lazy\" decoding=\"async\" width=\"800\" height=\"560\" src=\"https:\/\/pracownia52.pl\/www\/wp-content\/uploads\/2013\/04\/zdj-mr-makowski-liceum-1968-001low.jpg\" alt=\"\" data-id=\"3689\" class=\"wp-image-3689\" srcset=\"https:\/\/pracownia52.pl\/www\/wp-content\/uploads\/2013\/04\/zdj-mr-makowski-liceum-1968-001low.jpg?v=1627124091 800w, https:\/\/pracownia52.pl\/www\/wp-content\/uploads\/2013\/04\/zdj-mr-makowski-liceum-1968-001low-300x210.jpg?v=1627124091 300w, https:\/\/pracownia52.pl\/www\/wp-content\/uploads\/2013\/04\/zdj-mr-makowski-liceum-1968-001low-768x538.jpg?v=1627124091 768w\" sizes=\"auto, (max-width: 767px) 89vw, (max-width: 1000px) 54vw, (max-width: 1071px) 543px, 580px\" \/><\/a><\/figure><\/li><li class=\"blocks-gallery-item\"><figure><a href=\"https:\/\/pracownia52.pl\/www\/wp-content\/uploads\/2013\/04\/1979-warszawa-zatrasie-low-res-6.jpg\"><img loading=\"lazy\" decoding=\"async\" width=\"783\" height=\"800\" src=\"https:\/\/pracownia52.pl\/www\/wp-content\/uploads\/2013\/04\/1979-warszawa-zatrasie-low-res-6.jpg\" alt=\"\" data-id=\"3670\" class=\"wp-image-3670\" srcset=\"https:\/\/pracownia52.pl\/www\/wp-content\/uploads\/2013\/04\/1979-warszawa-zatrasie-low-res-6.jpg?v=1627124094 783w, https:\/\/pracownia52.pl\/www\/wp-content\/uploads\/2013\/04\/1979-warszawa-zatrasie-low-res-6-294x300.jpg?v=1627124094 294w, https:\/\/pracownia52.pl\/www\/wp-content\/uploads\/2013\/04\/1979-warszawa-zatrasie-low-res-6-768x785.jpg?v=1627124094 768w\" sizes=\"auto, (max-width: 767px) 89vw, (max-width: 1000px) 54vw, (max-width: 1071px) 543px, 580px\" \/><\/a><\/figure><\/li><\/ul>\n\n\n\n<ul class=\"wp-block-gallery columns-3 is-cropped wp-block-gallery-12 is-layout-flex wp-block-gallery-is-layout-flex\"><li class=\"blocks-gallery-item\"><figure><a href=\"https:\/\/pracownia52.pl\/www\/wp-content\/uploads\/2018\/11\/002-ul.broniewskiego-z-okien-bloku-11-fot-mr-makowski-1966-zatrasie.jpg\"><img loading=\"lazy\" decoding=\"async\" width=\"1200\" height=\"820\" src=\"https:\/\/pracownia52.pl\/www\/wp-content\/uploads\/2018\/11\/002-ul.broniewskiego-z-okien-bloku-11-fot-mr-makowski-1966-zatrasie.jpg\" alt=\"\" data-id=\"8000\" class=\"wp-image-8000\" srcset=\"https:\/\/pracownia52.pl\/www\/wp-content\/uploads\/2018\/11\/002-ul.broniewskiego-z-okien-bloku-11-fot-mr-makowski-1966-zatrasie.jpg?v=1627123676 1200w, https:\/\/pracownia52.pl\/www\/wp-content\/uploads\/2018\/11\/002-ul.broniewskiego-z-okien-bloku-11-fot-mr-makowski-1966-zatrasie-300x205.jpg?v=1627123676 300w, https:\/\/pracownia52.pl\/www\/wp-content\/uploads\/2018\/11\/002-ul.broniewskiego-z-okien-bloku-11-fot-mr-makowski-1966-zatrasie-1024x700.jpg?v=1627123676 1024w, https:\/\/pracownia52.pl\/www\/wp-content\/uploads\/2018\/11\/002-ul.broniewskiego-z-okien-bloku-11-fot-mr-makowski-1966-zatrasie-768x525.jpg?v=1627123676 768w\" sizes=\"auto, (max-width: 767px) 89vw, (max-width: 1000px) 54vw, (max-width: 1071px) 543px, 580px\" \/><\/a><\/figure><\/li><li class=\"blocks-gallery-item\"><figure><a href=\"https:\/\/pracownia52.pl\/www\/wp-content\/uploads\/2018\/11\/003-zdjecia-mr-makowski-ul-broniewskiego-zatrasie-1968-69-18.jpg\"><img loading=\"lazy\" decoding=\"async\" width=\"1200\" height=\"831\" src=\"https:\/\/pracownia52.pl\/www\/wp-content\/uploads\/2018\/11\/003-zdjecia-mr-makowski-ul-broniewskiego-zatrasie-1968-69-18.jpg\" alt=\"\" data-id=\"8001\" class=\"wp-image-8001\" srcset=\"https:\/\/pracownia52.pl\/www\/wp-content\/uploads\/2018\/11\/003-zdjecia-mr-makowski-ul-broniewskiego-zatrasie-1968-69-18.jpg?v=1627123676 1200w, https:\/\/pracownia52.pl\/www\/wp-content\/uploads\/2018\/11\/003-zdjecia-mr-makowski-ul-broniewskiego-zatrasie-1968-69-18-300x208.jpg?v=1627123676 300w, https:\/\/pracownia52.pl\/www\/wp-content\/uploads\/2018\/11\/003-zdjecia-mr-makowski-ul-broniewskiego-zatrasie-1968-69-18-1024x709.jpg?v=1627123676 1024w, https:\/\/pracownia52.pl\/www\/wp-content\/uploads\/2018\/11\/003-zdjecia-mr-makowski-ul-broniewskiego-zatrasie-1968-69-18-768x532.jpg?v=1627123676 768w\" sizes=\"auto, (max-width: 767px) 89vw, (max-width: 1000px) 54vw, (max-width: 1071px) 543px, 580px\" \/><\/a><\/figure><\/li><li class=\"blocks-gallery-item\"><figure><a href=\"https:\/\/pracownia52.pl\/www\/wp-content\/uploads\/2018\/11\/budowa-pawilonu-broniewskiego-1969-foto-mr-makowski.jpg\"><img loading=\"lazy\" decoding=\"async\" width=\"845\" height=\"1200\" src=\"https:\/\/pracownia52.pl\/www\/wp-content\/uploads\/2018\/11\/budowa-pawilonu-broniewskiego-1969-foto-mr-makowski.jpg\" alt=\"\" data-id=\"8002\" class=\"wp-image-8002\" srcset=\"https:\/\/pracownia52.pl\/www\/wp-content\/uploads\/2018\/11\/budowa-pawilonu-broniewskiego-1969-foto-mr-makowski.jpg?v=1627123675 845w, https:\/\/pracownia52.pl\/www\/wp-content\/uploads\/2018\/11\/budowa-pawilonu-broniewskiego-1969-foto-mr-makowski-211x300.jpg?v=1627123675 211w, https:\/\/pracownia52.pl\/www\/wp-content\/uploads\/2018\/11\/budowa-pawilonu-broniewskiego-1969-foto-mr-makowski-721x1024.jpg?v=1627123675 721w, https:\/\/pracownia52.pl\/www\/wp-content\/uploads\/2018\/11\/budowa-pawilonu-broniewskiego-1969-foto-mr-makowski-768x1091.jpg?v=1627123675 768w\" sizes=\"auto, (max-width: 767px) 89vw, (max-width: 1000px) 54vw, (max-width: 1071px) 543px, 580px\" \/><\/a><\/figure><\/li><li class=\"blocks-gallery-item\"><figure><a href=\"https:\/\/pracownia52.pl\/www\/wp-content\/uploads\/2018\/11\/mr-makowski-1szy-negatyw-cca1961-wsm-IVkolonia-low-res.jpg\"><img loading=\"lazy\" decoding=\"async\" width=\"1442\" height=\"900\" src=\"https:\/\/pracownia52.pl\/www\/wp-content\/uploads\/2018\/11\/mr-makowski-1szy-negatyw-cca1961-wsm-IVkolonia-low-res.jpg\" alt=\"\" data-id=\"8003\" class=\"wp-image-8003\" srcset=\"https:\/\/pracownia52.pl\/www\/wp-content\/uploads\/2018\/11\/mr-makowski-1szy-negatyw-cca1961-wsm-IVkolonia-low-res.jpg?v=1627123675 1442w, https:\/\/pracownia52.pl\/www\/wp-content\/uploads\/2018\/11\/mr-makowski-1szy-negatyw-cca1961-wsm-IVkolonia-low-res-300x187.jpg?v=1627123675 300w, https:\/\/pracownia52.pl\/www\/wp-content\/uploads\/2018\/11\/mr-makowski-1szy-negatyw-cca1961-wsm-IVkolonia-low-res-1024x639.jpg?v=1627123675 1024w, https:\/\/pracownia52.pl\/www\/wp-content\/uploads\/2018\/11\/mr-makowski-1szy-negatyw-cca1961-wsm-IVkolonia-low-res-768x479.jpg?v=1627123675 768w\" sizes=\"auto, (max-width: 767px) 89vw, (max-width: 1000px) 54vw, (max-width: 1071px) 543px, 580px\" \/><\/a><figcaption>IV Kolonia WSM, pocz. lat 60. <\/figcaption><\/figure><\/li><li class=\"blocks-gallery-item\"><figure><a href=\"https:\/\/pracownia52.pl\/www\/wp-content\/uploads\/2018\/11\/ok-1967-moze-wiosna-1968-foto-mr-makowski.jpg\"><img loading=\"lazy\" decoding=\"async\" width=\"2200\" height=\"1953\" src=\"https:\/\/pracownia52.pl\/www\/wp-content\/uploads\/2018\/11\/ok-1967-moze-wiosna-1968-foto-mr-makowski.jpg\" alt=\"\" data-id=\"8004\" class=\"wp-image-8004\" srcset=\"https:\/\/pracownia52.pl\/www\/wp-content\/uploads\/2018\/11\/ok-1967-moze-wiosna-1968-foto-mr-makowski.jpg?v=1627123675 2200w, https:\/\/pracownia52.pl\/www\/wp-content\/uploads\/2018\/11\/ok-1967-moze-wiosna-1968-foto-mr-makowski-300x266.jpg?v=1627123675 300w, https:\/\/pracownia52.pl\/www\/wp-content\/uploads\/2018\/11\/ok-1967-moze-wiosna-1968-foto-mr-makowski-1024x909.jpg?v=1627123675 1024w, https:\/\/pracownia52.pl\/www\/wp-content\/uploads\/2018\/11\/ok-1967-moze-wiosna-1968-foto-mr-makowski-768x682.jpg?v=1627123675 768w, https:\/\/pracownia52.pl\/www\/wp-content\/uploads\/2018\/11\/ok-1967-moze-wiosna-1968-foto-mr-makowski-1536x1364.jpg?v=1627123675 1536w, https:\/\/pracownia52.pl\/www\/wp-content\/uploads\/2018\/11\/ok-1967-moze-wiosna-1968-foto-mr-makowski-2048x1818.jpg?v=1627123675 2048w\" sizes=\"auto, (max-width: 767px) 89vw, (max-width: 1000px) 54vw, (max-width: 1071px) 543px, 580px\" \/><\/a><\/figure><\/li><li class=\"blocks-gallery-item\"><figure><a href=\"https:\/\/pracownia52.pl\/www\/wp-content\/uploads\/2018\/11\/zatrasie-1969-lub-70-ul-krasinskiego-fot-mr-makowski.jpg\"><img loading=\"lazy\" decoding=\"async\" width=\"1200\" height=\"837\" src=\"https:\/\/pracownia52.pl\/www\/wp-content\/uploads\/2018\/11\/zatrasie-1969-lub-70-ul-krasinskiego-fot-mr-makowski.jpg\" alt=\"\" data-id=\"8005\" class=\"wp-image-8005\" srcset=\"https:\/\/pracownia52.pl\/www\/wp-content\/uploads\/2018\/11\/zatrasie-1969-lub-70-ul-krasinskiego-fot-mr-makowski.jpg?v=1627123674 1200w, https:\/\/pracownia52.pl\/www\/wp-content\/uploads\/2018\/11\/zatrasie-1969-lub-70-ul-krasinskiego-fot-mr-makowski-300x209.jpg?v=1627123674 300w, https:\/\/pracownia52.pl\/www\/wp-content\/uploads\/2018\/11\/zatrasie-1969-lub-70-ul-krasinskiego-fot-mr-makowski-1024x714.jpg?v=1627123674 1024w, https:\/\/pracownia52.pl\/www\/wp-content\/uploads\/2018\/11\/zatrasie-1969-lub-70-ul-krasinskiego-fot-mr-makowski-768x536.jpg?v=1627123674 768w\" sizes=\"auto, (max-width: 767px) 89vw, (max-width: 1000px) 54vw, (max-width: 1071px) 543px, 580px\" \/><\/a><\/figure><\/li><li class=\"blocks-gallery-item\"><figure><a href=\"https:\/\/pracownia52.pl\/www\/wp-content\/uploads\/2019\/03\/001-1985-sty-Wawrzyszew-fot-mr-makowski-250-1024x684.jpg\"><img loading=\"lazy\" decoding=\"async\" width=\"1024\" height=\"684\" src=\"https:\/\/pracownia52.pl\/www\/wp-content\/uploads\/2019\/03\/001-1985-sty-Wawrzyszew-fot-mr-makowski-250-1024x684.jpg\" alt=\"\" data-id=\"9304\" data-link=\"https:\/\/pracownia52.pl\/www\/?attachment_id=9304\" class=\"wp-image-9304\" srcset=\"https:\/\/pracownia52.pl\/www\/wp-content\/uploads\/2019\/03\/001-1985-sty-Wawrzyszew-fot-mr-makowski-250-1024x684.jpg?v=1627123604 1024w, https:\/\/pracownia52.pl\/www\/wp-content\/uploads\/2019\/03\/001-1985-sty-Wawrzyszew-fot-mr-makowski-250-300x200.jpg?v=1627123604 300w, https:\/\/pracownia52.pl\/www\/wp-content\/uploads\/2019\/03\/001-1985-sty-Wawrzyszew-fot-mr-makowski-250-768x513.jpg?v=1627123604 768w, https:\/\/pracownia52.pl\/www\/wp-content\/uploads\/2019\/03\/001-1985-sty-Wawrzyszew-fot-mr-makowski-250.jpg?v=1627123604 1200w\" sizes=\"auto, (max-width: 767px) 89vw, (max-width: 1000px) 54vw, (max-width: 1071px) 543px, 580px\" \/><\/a><figcaption>Wawrzyszew, widok z okien bloku ul. Dantego 5 \u2013 na ul. Wolumen (1985); bazar niewidoczny, z lewej<\/figcaption><\/figure><\/li><\/ul>\n\n\n\n<p><strong>prawarszawa<\/strong><\/p>\n\n\n\n<ul class=\"wp-block-gallery columns-4 is-cropped wp-block-gallery-13 is-layout-flex wp-block-gallery-is-layout-flex\"><li class=\"blocks-gallery-item\"><figure><a href=\"https:\/\/pracownia52.pl\/www\/wp-content\/uploads\/2013\/04\/praga-1979006-kaweczynska-800pxl.jpg\"><img loading=\"lazy\" decoding=\"async\" width=\"800\" height=\"1202\" src=\"https:\/\/pracownia52.pl\/www\/wp-content\/uploads\/2013\/04\/praga-1979006-kaweczynska-800pxl.jpg\" alt=\"\" data-id=\"5121\" class=\"wp-image-5121\" srcset=\"https:\/\/pracownia52.pl\/www\/wp-content\/uploads\/2013\/04\/praga-1979006-kaweczynska-800pxl.jpg?v=1627123925 800w, https:\/\/pracownia52.pl\/www\/wp-content\/uploads\/2013\/04\/praga-1979006-kaweczynska-800pxl-200x300.jpg?v=1627123925 200w, https:\/\/pracownia52.pl\/www\/wp-content\/uploads\/2013\/04\/praga-1979006-kaweczynska-800pxl-682x1024.jpg?v=1627123925 682w, https:\/\/pracownia52.pl\/www\/wp-content\/uploads\/2013\/04\/praga-1979006-kaweczynska-800pxl-768x1154.jpg?v=1627123925 768w\" sizes=\"auto, (max-width: 767px) 89vw, (max-width: 1000px) 54vw, (max-width: 1071px) 543px, 580px\" \/><\/a><\/figure><\/li><li class=\"blocks-gallery-item\"><figure><a href=\"https:\/\/pracownia52.pl\/www\/wp-content\/uploads\/2013\/04\/port-praski-79-21.jpg\"><img loading=\"lazy\" decoding=\"async\" width=\"450\" height=\"676\" src=\"https:\/\/pracownia52.pl\/www\/wp-content\/uploads\/2013\/04\/port-praski-79-21.jpg\" alt=\"\" data-id=\"3691\" class=\"wp-image-3691\" srcset=\"https:\/\/pracownia52.pl\/www\/wp-content\/uploads\/2013\/04\/port-praski-79-21.jpg?v=1627124091 450w, https:\/\/pracownia52.pl\/www\/wp-content\/uploads\/2013\/04\/port-praski-79-21-200x300.jpg?v=1627124091 200w\" sizes=\"auto, (max-width: 450px) 100vw, 450px\" \/><\/a><\/figure><\/li><li class=\"blocks-gallery-item\"><figure><a href=\"https:\/\/pracownia52.pl\/www\/wp-content\/uploads\/2013\/04\/targowa-1979-dzienwybucuwro.jpg\"><img decoding=\"async\" src=\"https:\/\/pracownia52.pl\/www\/wp-content\/uploads\/2013\/04\/targowa-1979-dzienwybucuwro.jpg\" alt=\"\" data-id=\"3694\" class=\"wp-image-3694\"\/><\/a><\/figure><\/li><li class=\"blocks-gallery-item\"><figure><a href=\"https:\/\/pracownia52.pl\/www\/wp-content\/uploads\/2013\/04\/praga-1979001-port-praski-800pxl.jpg\"><img loading=\"lazy\" decoding=\"async\" width=\"800\" height=\"1213\" src=\"https:\/\/pracownia52.pl\/www\/wp-content\/uploads\/2013\/04\/praga-1979001-port-praski-800pxl.jpg\" alt=\"\" data-id=\"5120\" class=\"wp-image-5120\" srcset=\"https:\/\/pracownia52.pl\/www\/wp-content\/uploads\/2013\/04\/praga-1979001-port-praski-800pxl.jpg?v=1627123925 800w, https:\/\/pracownia52.pl\/www\/wp-content\/uploads\/2013\/04\/praga-1979001-port-praski-800pxl-198x300.jpg?v=1627123925 198w, https:\/\/pracownia52.pl\/www\/wp-content\/uploads\/2013\/04\/praga-1979001-port-praski-800pxl-675x1024.jpg?v=1627123925 675w, https:\/\/pracownia52.pl\/www\/wp-content\/uploads\/2013\/04\/praga-1979001-port-praski-800pxl-768x1164.jpg?v=1627123925 768w\" sizes=\"auto, (max-width: 767px) 89vw, (max-width: 1000px) 54vw, (max-width: 1071px) 543px, 580px\" \/><\/a><\/figure><\/li><\/ul>\n\n\n\n<ul class=\"wp-block-gallery columns-1 is-cropped wp-block-gallery-14 is-layout-flex wp-block-gallery-is-layout-flex\"><li class=\"blocks-gallery-item\"><figure><a href=\"https:\/\/pracownia52.pl\/www\/wp-content\/uploads\/2013\/04\/001-1978-lub-79-praga-groch-001-1200pxl.jpg\"><img loading=\"lazy\" decoding=\"async\" width=\"1200\" height=\"172\" src=\"https:\/\/pracownia52.pl\/www\/wp-content\/uploads\/2013\/04\/001-1978-lub-79-praga-groch-001-1200pxl.jpg\" alt=\"\" data-id=\"5189\" class=\"wp-image-5189\" srcset=\"https:\/\/pracownia52.pl\/www\/wp-content\/uploads\/2013\/04\/001-1978-lub-79-praga-groch-001-1200pxl.jpg?v=1627123919 1200w, https:\/\/pracownia52.pl\/www\/wp-content\/uploads\/2013\/04\/001-1978-lub-79-praga-groch-001-1200pxl-300x43.jpg?v=1627123919 300w, https:\/\/pracownia52.pl\/www\/wp-content\/uploads\/2013\/04\/001-1978-lub-79-praga-groch-001-1200pxl-1024x147.jpg?v=1627123919 1024w, https:\/\/pracownia52.pl\/www\/wp-content\/uploads\/2013\/04\/001-1978-lub-79-praga-groch-001-1200pxl-768x110.jpg?v=1627123919 768w\" sizes=\"auto, (max-width: 767px) 89vw, (max-width: 1000px) 54vw, (max-width: 1071px) 543px, 580px\" \/><\/a><\/figure><\/li><li class=\"blocks-gallery-item\"><figure><a href=\"https:\/\/pracownia52.pl\/www\/wp-content\/uploads\/2019\/09\/1979-port-praski-okolice-WC-foto-mr-m-040-689x1024.jpg?v=1569866186\"><img loading=\"lazy\" decoding=\"async\" width=\"689\" height=\"1024\" src=\"https:\/\/pracownia52.pl\/www\/wp-content\/uploads\/2019\/09\/1979-port-praski-okolice-WC-foto-mr-m-040-689x1024.jpg?v=1569866186\" alt=\"\" data-id=\"9624\" data-link=\"https:\/\/pracownia52.pl\/www\/?attachment_id=9624\" class=\"wp-image-9624\" srcset=\"https:\/\/pracownia52.pl\/www\/wp-content\/uploads\/2019\/09\/1979-port-praski-okolice-WC-foto-mr-m-040-689x1024.jpg?v=1627123567 689w, https:\/\/pracownia52.pl\/www\/wp-content\/uploads\/2019\/09\/1979-port-praski-okolice-WC-foto-mr-m-040-202x300.jpg?v=1627123567 202w, https:\/\/pracownia52.pl\/www\/wp-content\/uploads\/2019\/09\/1979-port-praski-okolice-WC-foto-mr-m-040-768x1142.jpg?v=1627123567 768w, https:\/\/pracownia52.pl\/www\/wp-content\/uploads\/2019\/09\/1979-port-praski-okolice-WC-foto-mr-m-040.jpg?v=1627123567 807w\" sizes=\"auto, (max-width: 689px) 100vw, 689px\" \/><\/a><figcaption>WC na podw\u00f3rku, okolice portu praskiego (1979), mo\u017ce ul. W\u00f3jcika?<\/figcaption><\/figure><\/li><\/ul>\n\n\n\n<p><br \/>ul. Ka\u0142uszy\u0144ska (? \u2013 tak zapisa\u0142em)<\/p>\n\n\n\n<ul class=\"wp-block-gallery columns-2 is-cropped wp-block-gallery-15 is-layout-flex wp-block-gallery-is-layout-flex\"><li class=\"blocks-gallery-item\"><figure><a href=\"https:\/\/pracownia52.pl\/www\/wp-content\/uploads\/2013\/04\/002-1978-lub-79-praga-groch-002-ul-kaluszynska-1200pxl.jpg\"><img loading=\"lazy\" decoding=\"async\" width=\"1200\" height=\"159\" src=\"https:\/\/pracownia52.pl\/www\/wp-content\/uploads\/2013\/04\/002-1978-lub-79-praga-groch-002-ul-kaluszynska-1200pxl.jpg\" alt=\"\" data-id=\"5191\" class=\"wp-image-5191\" srcset=\"https:\/\/pracownia52.pl\/www\/wp-content\/uploads\/2013\/04\/002-1978-lub-79-praga-groch-002-ul-kaluszynska-1200pxl.jpg?v=1627123918 1200w, https:\/\/pracownia52.pl\/www\/wp-content\/uploads\/2013\/04\/002-1978-lub-79-praga-groch-002-ul-kaluszynska-1200pxl-300x40.jpg?v=1627123918 300w, https:\/\/pracownia52.pl\/www\/wp-content\/uploads\/2013\/04\/002-1978-lub-79-praga-groch-002-ul-kaluszynska-1200pxl-1024x136.jpg?v=1627123918 1024w, https:\/\/pracownia52.pl\/www\/wp-content\/uploads\/2013\/04\/002-1978-lub-79-praga-groch-002-ul-kaluszynska-1200pxl-768x102.jpg?v=1627123918 768w\" sizes=\"auto, (max-width: 767px) 89vw, (max-width: 1000px) 54vw, (max-width: 1071px) 543px, 580px\" \/><\/a><\/figure><\/li><\/ul>\n\n\n\n<p><strong>ul. Kaw\u0119czy\u0144ska<\/strong> (nr 26 konkretnie, 1979 rok)<\/p>\n\n\n\n<ul class=\"wp-block-gallery columns-2 is-cropped wp-block-gallery-16 is-layout-flex wp-block-gallery-is-layout-flex\"><li class=\"blocks-gallery-item\"><figure><a href=\"https:\/\/pracownia52.pl\/www\/wp-content\/uploads\/2013\/04\/praga-1979006-kaweczynska-26-1979-rok-1200pxl.jpg\"><img loading=\"lazy\" decoding=\"async\" width=\"1200\" height=\"802\" src=\"https:\/\/pracownia52.pl\/www\/wp-content\/uploads\/2013\/04\/praga-1979006-kaweczynska-26-1979-rok-1200pxl.jpg\" alt=\"\" data-id=\"5204\" class=\"wp-image-5204\" srcset=\"https:\/\/pracownia52.pl\/www\/wp-content\/uploads\/2013\/04\/praga-1979006-kaweczynska-26-1979-rok-1200pxl.jpg?v=1627123918 1200w, https:\/\/pracownia52.pl\/www\/wp-content\/uploads\/2013\/04\/praga-1979006-kaweczynska-26-1979-rok-1200pxl-300x201.jpg?v=1627123918 300w, https:\/\/pracownia52.pl\/www\/wp-content\/uploads\/2013\/04\/praga-1979006-kaweczynska-26-1979-rok-1200pxl-1024x684.jpg?v=1627123918 1024w, https:\/\/pracownia52.pl\/www\/wp-content\/uploads\/2013\/04\/praga-1979006-kaweczynska-26-1979-rok-1200pxl-768x513.jpg?v=1627123918 768w\" sizes=\"auto, (max-width: 767px) 89vw, (max-width: 1000px) 54vw, (max-width: 1071px) 543px, 580px\" \/><\/a><\/figure><\/li><\/ul>\n\n\n\n<p>\u2026<br \/><strong>Port praski<\/strong> (1979) \u2013 jest <strong><a href=\"https:\/\/pracownia52.pl\/www\/?p=9510\">tam<\/a><\/strong>;<\/p>\n\n\n\n<figure class=\"wp-block-image\"><a href=\"https:\/\/pracownia52.pl\/www\/?p=9510\"><img loading=\"lazy\" decoding=\"async\" width=\"1024\" height=\"676\" src=\"https:\/\/pracownia52.pl\/www\/wp-content\/uploads\/2019\/06\/1979-port-praski-mr-m-033-oo1-1024x676.jpg\" alt=\"\" class=\"wp-image-9513\" srcset=\"https:\/\/pracownia52.pl\/www\/wp-content\/uploads\/2019\/06\/1979-port-praski-mr-m-033-oo1-1024x676.jpg?v=1627123576 1024w, https:\/\/pracownia52.pl\/www\/wp-content\/uploads\/2019\/06\/1979-port-praski-mr-m-033-oo1-300x198.jpg?v=1627123576 300w, https:\/\/pracownia52.pl\/www\/wp-content\/uploads\/2019\/06\/1979-port-praski-mr-m-033-oo1-768x507.jpg?v=1627123576 768w, https:\/\/pracownia52.pl\/www\/wp-content\/uploads\/2019\/06\/1979-port-praski-mr-m-033-oo1.jpg?v=1627123576 1200w\" sizes=\"auto, (max-width: 767px) 89vw, (max-width: 1000px) 54vw, (max-width: 1071px) 543px, 580px\" \/><\/a><\/figure>\n\n\n\n<p>\u2026<br \/>(kilka ulic\u2026 1979 rok)<\/p>\n\n\n\n<ul class=\"wp-block-gallery columns-1 is-cropped wp-block-gallery-17 is-layout-flex wp-block-gallery-is-layout-flex\"><li class=\"blocks-gallery-item\"><figure><a href=\"https:\/\/pracownia52.pl\/www\/wp-content\/uploads\/2013\/04\/003-1978-lub-79-praga-groch-003-1200pxl.jpg\"><img loading=\"lazy\" decoding=\"async\" width=\"1200\" height=\"159\" src=\"https:\/\/pracownia52.pl\/www\/wp-content\/uploads\/2013\/04\/003-1978-lub-79-praga-groch-003-1200pxl.jpg\" alt=\"\" data-id=\"5193\" class=\"wp-image-5193\" srcset=\"https:\/\/pracownia52.pl\/www\/wp-content\/uploads\/2013\/04\/003-1978-lub-79-praga-groch-003-1200pxl.jpg?v=1627123918 1200w, https:\/\/pracownia52.pl\/www\/wp-content\/uploads\/2013\/04\/003-1978-lub-79-praga-groch-003-1200pxl-300x40.jpg?v=1627123918 300w, https:\/\/pracownia52.pl\/www\/wp-content\/uploads\/2013\/04\/003-1978-lub-79-praga-groch-003-1200pxl-1024x136.jpg?v=1627123918 1024w, https:\/\/pracownia52.pl\/www\/wp-content\/uploads\/2013\/04\/003-1978-lub-79-praga-groch-003-1200pxl-768x102.jpg?v=1627123918 768w\" sizes=\"auto, (max-width: 767px) 89vw, (max-width: 1000px) 54vw, (max-width: 1071px) 543px, 580px\" \/><\/a><\/figure><\/li><\/ul>\n\n\n\n<ul class=\"wp-block-gallery columns-3 is-cropped wp-block-gallery-18 is-layout-flex wp-block-gallery-is-layout-flex\"><li class=\"blocks-gallery-item\"><figure><a href=\"https:\/\/pracownia52.pl\/www\/wp-content\/uploads\/2013\/04\/004-1978-lub-79-praga-groch-004-1200pxl.jpg\"><img loading=\"lazy\" decoding=\"async\" width=\"1200\" height=\"159\" src=\"https:\/\/pracownia52.pl\/www\/wp-content\/uploads\/2013\/04\/004-1978-lub-79-praga-groch-004-1200pxl.jpg\" alt=\"\" data-id=\"5199\" class=\"wp-image-5199\" srcset=\"https:\/\/pracownia52.pl\/www\/wp-content\/uploads\/2013\/04\/004-1978-lub-79-praga-groch-004-1200pxl.jpg?v=1627123918 1200w, https:\/\/pracownia52.pl\/www\/wp-content\/uploads\/2013\/04\/004-1978-lub-79-praga-groch-004-1200pxl-300x40.jpg?v=1627123918 300w, https:\/\/pracownia52.pl\/www\/wp-content\/uploads\/2013\/04\/004-1978-lub-79-praga-groch-004-1200pxl-1024x136.jpg?v=1627123918 1024w, https:\/\/pracownia52.pl\/www\/wp-content\/uploads\/2013\/04\/004-1978-lub-79-praga-groch-004-1200pxl-768x102.jpg?v=1627123918 768w\" sizes=\"auto, (max-width: 767px) 89vw, (max-width: 1000px) 54vw, (max-width: 1071px) 543px, 580px\" \/><\/a><\/figure><\/li><li class=\"blocks-gallery-item\"><figure><a href=\"https:\/\/pracownia52.pl\/www\/wp-content\/uploads\/2013\/04\/005-1978-lub-79-praga-groch-005-1200pxl.jpg\"><img loading=\"lazy\" decoding=\"async\" width=\"1200\" height=\"154\" src=\"https:\/\/pracownia52.pl\/www\/wp-content\/uploads\/2013\/04\/005-1978-lub-79-praga-groch-005-1200pxl.jpg\" alt=\"\" data-id=\"5200\" class=\"wp-image-5200\" srcset=\"https:\/\/pracownia52.pl\/www\/wp-content\/uploads\/2013\/04\/005-1978-lub-79-praga-groch-005-1200pxl.jpg?v=1627123918 1200w, https:\/\/pracownia52.pl\/www\/wp-content\/uploads\/2013\/04\/005-1978-lub-79-praga-groch-005-1200pxl-300x39.jpg?v=1627123918 300w, https:\/\/pracownia52.pl\/www\/wp-content\/uploads\/2013\/04\/005-1978-lub-79-praga-groch-005-1200pxl-1024x131.jpg?v=1627123918 1024w, https:\/\/pracownia52.pl\/www\/wp-content\/uploads\/2013\/04\/005-1978-lub-79-praga-groch-005-1200pxl-768x99.jpg?v=1627123918 768w\" sizes=\"auto, (max-width: 767px) 89vw, (max-width: 1000px) 54vw, (max-width: 1071px) 543px, 580px\" \/><\/a><\/figure><\/li><\/ul>\n\n\n\n<figure class=\"wp-block-image\"><img loading=\"lazy\" decoding=\"async\" width=\"1024\" height=\"681\" src=\"https:\/\/pracownia52.pl\/www\/wp-content\/uploads\/2019\/03\/1979-warszawa-praga-riksze-fot-mr-makowski-low-1024x681.jpg\" alt=\"\" class=\"wp-image-9319\" srcset=\"https:\/\/pracownia52.pl\/www\/wp-content\/uploads\/2019\/03\/1979-warszawa-praga-riksze-fot-mr-makowski-low-1024x681.jpg?v=1627123603 1024w, https:\/\/pracownia52.pl\/www\/wp-content\/uploads\/2019\/03\/1979-warszawa-praga-riksze-fot-mr-makowski-low-300x200.jpg?v=1627123603 300w, https:\/\/pracownia52.pl\/www\/wp-content\/uploads\/2019\/03\/1979-warszawa-praga-riksze-fot-mr-makowski-low-768x511.jpg?v=1627123603 768w, https:\/\/pracownia52.pl\/www\/wp-content\/uploads\/2019\/03\/1979-warszawa-praga-riksze-fot-mr-makowski-low.jpg?v=1627123603 1200w\" sizes=\"auto, (max-width: 767px) 89vw, (max-width: 1000px) 54vw, (max-width: 1071px) 543px, 580px\" \/><figcaption>Praga (Targ\u00f3wek), 1979 rok: <strong><a href=\"https:\/\/pl.wikipedia.org\/wiki\/Riksza\"><del>riksze<\/del><\/a><\/strong><del> <\/del> na podw\u00f3rku wyburzanej posesji<br \/><br \/><a href=\"https:\/\/www.facebook.com\/leszek.dranicki\">Leszek Dranicki<\/a>&nbsp;To nie riksze, to w\u00f3zki inwalidzkie nap\u0119dzane r\u0119cznym mechanizmem peda\u0142owym. Pami\u0119tam z Gda\u0144ska<\/figcaption><\/figure>\n\n\n\n<p>\u2026<br \/>\u2022 Praga, ul. Targowa, 1978 rok, mam j\u0105 ca\u0142\u0105 (prawa i lewa strona), szkoda, \u017ce ma\u0142o wn\u0119trz ale chcia\u0142em mie\u0107 domy\u2026<\/p>\n\n\n\n<ul class=\"wp-block-gallery columns-3 is-cropped wp-block-gallery-19 is-layout-flex wp-block-gallery-is-layout-flex\"><li class=\"blocks-gallery-item\"><figure><a href=\"https:\/\/pracownia52.pl\/www\/wp-content\/uploads\/2018\/11\/01-1979-Targowa-fot-mr-makowski-980.jpg\"><img loading=\"lazy\" decoding=\"async\" width=\"796\" height=\"1200\" src=\"https:\/\/pracownia52.pl\/www\/wp-content\/uploads\/2018\/11\/01-1979-Targowa-fot-mr-makowski-980.jpg\" alt=\"\" data-id=\"7985\" class=\"wp-image-7985\" srcset=\"https:\/\/pracownia52.pl\/www\/wp-content\/uploads\/2018\/11\/01-1979-Targowa-fot-mr-makowski-980.jpg?v=1627123677 796w, https:\/\/pracownia52.pl\/www\/wp-content\/uploads\/2018\/11\/01-1979-Targowa-fot-mr-makowski-980-199x300.jpg?v=1627123677 199w, https:\/\/pracownia52.pl\/www\/wp-content\/uploads\/2018\/11\/01-1979-Targowa-fot-mr-makowski-980-679x1024.jpg?v=1627123677 679w, https:\/\/pracownia52.pl\/www\/wp-content\/uploads\/2018\/11\/01-1979-Targowa-fot-mr-makowski-980-768x1158.jpg?v=1627123677 768w\" sizes=\"auto, (max-width: 767px) 89vw, (max-width: 1000px) 54vw, (max-width: 1071px) 543px, 580px\" \/><\/a><\/figure><\/li><\/ul>\n\n\n\n<figure class=\"wp-block-image\"><a href=\"http:\/\/ooops.pl\/?p=30662\"><img loading=\"lazy\" decoding=\"async\" width=\"1200\" height=\"806\" src=\"https:\/\/pracownia52.pl\/www\/wp-content\/uploads\/2013\/04\/1979-lub-80-Jasinskiego-r-Panienskiej-warszawa-fot-mr-makowski-1200pxl.jpg\" alt=\"1979-lub-80-Jasinskiego-r-Panienskiej-warszawa-fot-mr-makowski-1200pxl\" class=\"wp-image-5991\" srcset=\"https:\/\/pracownia52.pl\/www\/wp-content\/uploads\/2013\/04\/1979-lub-80-Jasinskiego-r-Panienskiej-warszawa-fot-mr-makowski-1200pxl.jpg?v=1627123779 1200w, https:\/\/pracownia52.pl\/www\/wp-content\/uploads\/2013\/04\/1979-lub-80-Jasinskiego-r-Panienskiej-warszawa-fot-mr-makowski-1200pxl-300x202.jpg?v=1627123779 300w, https:\/\/pracownia52.pl\/www\/wp-content\/uploads\/2013\/04\/1979-lub-80-Jasinskiego-r-Panienskiej-warszawa-fot-mr-makowski-1200pxl-1024x688.jpg?v=1627123779 1024w, https:\/\/pracownia52.pl\/www\/wp-content\/uploads\/2013\/04\/1979-lub-80-Jasinskiego-r-Panienskiej-warszawa-fot-mr-makowski-1200pxl-768x516.jpg?v=1627123779 768w\" sizes=\"auto, (max-width: 767px) 89vw, (max-width: 1000px) 54vw, (max-width: 1071px) 543px, 580px\" \/><\/a><\/figure>\n\n\n\n<p>Praga: bunkier na rogu Jasi\u0144skiego i Panie\u0144skiej (stan: <a href=\"http:\/\/ooops.pl\/?p=30662\">1979<\/a>)<br \/><\/p>\n\n\n\n<p>\u2022 <strong>Praga<\/strong>: inne, do opisania (Szwedzka, Br\u00f3dnowska, Brzeska, port praski\u2026)<\/p>\n\n\n\n<ul class=\"wp-block-gallery columns-3 is-cropped wp-block-gallery-20 is-layout-flex wp-block-gallery-is-layout-flex\"><li class=\"blocks-gallery-item\"><figure><a href=\"https:\/\/pracownia52.pl\/www\/wp-content\/uploads\/2018\/10\/1979-Szwedzka-wzm-021-Nieswiezka-fot-mr-makowski-677x1024.jpg\"><img loading=\"lazy\" decoding=\"async\" width=\"677\" height=\"1024\" src=\"https:\/\/pracownia52.pl\/www\/wp-content\/uploads\/2018\/10\/1979-Szwedzka-wzm-021-Nieswiezka-fot-mr-makowski-677x1024.jpg\" alt=\"\" data-id=\"7783\" data-link=\"https:\/\/pracownia52.pl\/www\/?attachment_id=7783\" class=\"wp-image-7783\" srcset=\"https:\/\/pracownia52.pl\/www\/wp-content\/uploads\/2018\/10\/1979-Szwedzka-wzm-021-Nieswiezka-fot-mr-makowski-677x1024.jpg?v=1627123697 677w, https:\/\/pracownia52.pl\/www\/wp-content\/uploads\/2018\/10\/1979-Szwedzka-wzm-021-Nieswiezka-fot-mr-makowski-198x300.jpg?v=1627123697 198w, https:\/\/pracownia52.pl\/www\/wp-content\/uploads\/2018\/10\/1979-Szwedzka-wzm-021-Nieswiezka-fot-mr-makowski-768x1162.jpg?v=1627123697 768w, https:\/\/pracownia52.pl\/www\/wp-content\/uploads\/2018\/10\/1979-Szwedzka-wzm-021-Nieswiezka-fot-mr-makowski.jpg?v=1627123697 793w\" sizes=\"auto, (max-width: 677px) 100vw, 677px\" \/><\/a><\/figure><\/li><li class=\"blocks-gallery-item\"><figure><a href=\"https:\/\/pracownia52.pl\/www\/wp-content\/uploads\/2018\/10\/1979-warszawa-praga-Brzeska-inne-fot-mr-makowski-058-Szwedzka-Brodnowska-6low-675x1024.jpg\"><img loading=\"lazy\" decoding=\"async\" width=\"675\" height=\"1024\" src=\"https:\/\/pracownia52.pl\/www\/wp-content\/uploads\/2018\/10\/1979-warszawa-praga-Brzeska-inne-fot-mr-makowski-058-Szwedzka-Brodnowska-6low-675x1024.jpg\" alt=\"\" data-id=\"7785\" data-link=\"https:\/\/pracownia52.pl\/www\/?attachment_id=7785\" class=\"wp-image-7785\" srcset=\"https:\/\/pracownia52.pl\/www\/wp-content\/uploads\/2018\/10\/1979-warszawa-praga-Brzeska-inne-fot-mr-makowski-058-Szwedzka-Brodnowska-6low-675x1024.jpg?v=1627123696 675w, https:\/\/pracownia52.pl\/www\/wp-content\/uploads\/2018\/10\/1979-warszawa-praga-Brzeska-inne-fot-mr-makowski-058-Szwedzka-Brodnowska-6low-198x300.jpg?v=1627123696 198w, https:\/\/pracownia52.pl\/www\/wp-content\/uploads\/2018\/10\/1979-warszawa-praga-Brzeska-inne-fot-mr-makowski-058-Szwedzka-Brodnowska-6low-768x1165.jpg?v=1627123696 768w, https:\/\/pracownia52.pl\/www\/wp-content\/uploads\/2018\/10\/1979-warszawa-praga-Brzeska-inne-fot-mr-makowski-058-Szwedzka-Brodnowska-6low.jpg?v=1627123696 791w\" sizes=\"auto, (max-width: 675px) 100vw, 675px\" \/><\/a><\/figure><\/li><li class=\"blocks-gallery-item\"><figure><a href=\"https:\/\/pracownia52.pl\/www\/wp-content\/uploads\/2018\/10\/1979-warszawa-praga-port046-fot-mr-makowski-low-res-668x1024.jpg\"><img loading=\"lazy\" decoding=\"async\" width=\"668\" height=\"1024\" src=\"https:\/\/pracownia52.pl\/www\/wp-content\/uploads\/2018\/10\/1979-warszawa-praga-port046-fot-mr-makowski-low-res-668x1024.jpg\" alt=\"\" data-id=\"7786\" data-link=\"https:\/\/pracownia52.pl\/www\/?attachment_id=7786\" class=\"wp-image-7786\" srcset=\"https:\/\/pracownia52.pl\/www\/wp-content\/uploads\/2018\/10\/1979-warszawa-praga-port046-fot-mr-makowski-low-res-668x1024.jpg?v=1627123696 668w, https:\/\/pracownia52.pl\/www\/wp-content\/uploads\/2018\/10\/1979-warszawa-praga-port046-fot-mr-makowski-low-res-196x300.jpg?v=1627123696 196w, https:\/\/pracownia52.pl\/www\/wp-content\/uploads\/2018\/10\/1979-warszawa-praga-port046-fot-mr-makowski-low-res-768x1178.jpg?v=1627123696 768w, https:\/\/pracownia52.pl\/www\/wp-content\/uploads\/2018\/10\/1979-warszawa-praga-port046-fot-mr-makowski-low-res-1002x1536.jpg?v=1627123696 1002w, https:\/\/pracownia52.pl\/www\/wp-content\/uploads\/2018\/10\/1979-warszawa-praga-port046-fot-mr-makowski-low-res.jpg?v=1627123696 1174w\" sizes=\"auto, (max-width: 668px) 100vw, 668px\" \/><\/a><\/figure><\/li><li class=\"blocks-gallery-item\"><figure><a href=\"https:\/\/pracownia52.pl\/www\/wp-content\/uploads\/2018\/10\/ul-brzeska-9-fot-mr-makowski-1979-warszawa-praga-port054-666x1024.jpg\"><img loading=\"lazy\" decoding=\"async\" width=\"666\" height=\"1024\" src=\"https:\/\/pracownia52.pl\/www\/wp-content\/uploads\/2018\/10\/ul-brzeska-9-fot-mr-makowski-1979-warszawa-praga-port054-666x1024.jpg\" alt=\"\" data-id=\"7787\" data-link=\"https:\/\/pracownia52.pl\/www\/?attachment_id=7787\" class=\"wp-image-7787\" srcset=\"https:\/\/pracownia52.pl\/www\/wp-content\/uploads\/2018\/10\/ul-brzeska-9-fot-mr-makowski-1979-warszawa-praga-port054-666x1024.jpg?v=1627123696 666w, https:\/\/pracownia52.pl\/www\/wp-content\/uploads\/2018\/10\/ul-brzeska-9-fot-mr-makowski-1979-warszawa-praga-port054-195x300.jpg?v=1627123696 195w, https:\/\/pracownia52.pl\/www\/wp-content\/uploads\/2018\/10\/ul-brzeska-9-fot-mr-makowski-1979-warszawa-praga-port054-768x1182.jpg?v=1627123696 768w, https:\/\/pracownia52.pl\/www\/wp-content\/uploads\/2018\/10\/ul-brzeska-9-fot-mr-makowski-1979-warszawa-praga-port054.jpg?v=1627123696 780w\" sizes=\"auto, (max-width: 666px) 100vw, 666px\" \/><\/a><\/figure><\/li><li class=\"blocks-gallery-item\"><figure><a href=\"https:\/\/pracownia52.pl\/www\/wp-content\/uploads\/2019\/06\/1979-warszawa-praga-062-Szwedzka-Brodnowska-okolice-fot-mr-makowski-1024x679.jpg\"><img loading=\"lazy\" decoding=\"async\" width=\"1024\" height=\"679\" src=\"https:\/\/pracownia52.pl\/www\/wp-content\/uploads\/2019\/06\/1979-warszawa-praga-062-Szwedzka-Brodnowska-okolice-fot-mr-makowski-1024x679.jpg\" alt=\"\" data-id=\"9505\" data-link=\"https:\/\/pracownia52.pl\/www\/?attachment_id=9505\" class=\"wp-image-9505\" srcset=\"https:\/\/pracownia52.pl\/www\/wp-content\/uploads\/2019\/06\/1979-warszawa-praga-062-Szwedzka-Brodnowska-okolice-fot-mr-makowski-1024x679.jpg?v=1627123577 1024w, https:\/\/pracownia52.pl\/www\/wp-content\/uploads\/2019\/06\/1979-warszawa-praga-062-Szwedzka-Brodnowska-okolice-fot-mr-makowski-300x199.jpg?v=1627123577 300w, https:\/\/pracownia52.pl\/www\/wp-content\/uploads\/2019\/06\/1979-warszawa-praga-062-Szwedzka-Brodnowska-okolice-fot-mr-makowski-768x509.jpg?v=1627123577 768w, https:\/\/pracownia52.pl\/www\/wp-content\/uploads\/2019\/06\/1979-warszawa-praga-062-Szwedzka-Brodnowska-okolice-fot-mr-makowski.jpg?v=1627123577 1200w\" sizes=\"auto, (max-width: 767px) 89vw, (max-width: 1000px) 54vw, (max-width: 1071px) 543px, 580px\" \/><\/a><\/figure><\/li><li class=\"blocks-gallery-item\"><figure><a href=\"https:\/\/pracownia52.pl\/www\/wp-content\/uploads\/2018\/10\/1979-wa-wa-praga-Brzeskaul-Stolarska-inne-fot-mr-makowski-058-Szwedzka-Brodnowska-1024x680.jpg\"><img loading=\"lazy\" decoding=\"async\" width=\"1024\" height=\"680\" src=\"https:\/\/pracownia52.pl\/www\/wp-content\/uploads\/2018\/10\/1979-wa-wa-praga-Brzeskaul-Stolarska-inne-fot-mr-makowski-058-Szwedzka-Brodnowska-1024x680.jpg\" alt=\"\" data-id=\"7784\" data-link=\"https:\/\/pracownia52.pl\/www\/?attachment_id=7784\" class=\"wp-image-7784\" srcset=\"https:\/\/pracownia52.pl\/www\/wp-content\/uploads\/2018\/10\/1979-wa-wa-praga-Brzeskaul-Stolarska-inne-fot-mr-makowski-058-Szwedzka-Brodnowska-1024x680.jpg?v=1627123697 1024w, https:\/\/pracownia52.pl\/www\/wp-content\/uploads\/2018\/10\/1979-wa-wa-praga-Brzeskaul-Stolarska-inne-fot-mr-makowski-058-Szwedzka-Brodnowska-300x199.jpg?v=1627123697 300w, https:\/\/pracownia52.pl\/www\/wp-content\/uploads\/2018\/10\/1979-wa-wa-praga-Brzeskaul-Stolarska-inne-fot-mr-makowski-058-Szwedzka-Brodnowska-768x510.jpg?v=1627123697 768w, https:\/\/pracownia52.pl\/www\/wp-content\/uploads\/2018\/10\/1979-wa-wa-praga-Brzeskaul-Stolarska-inne-fot-mr-makowski-058-Szwedzka-Brodnowska.jpg?v=1627123697 1200w\" sizes=\"auto, (max-width: 767px) 89vw, (max-width: 1000px) 54vw, (max-width: 1071px) 543px, 580px\" \/><\/a><figcaption>ul. Stolarska 9 (1979)<\/figcaption><\/figure><\/li><li class=\"blocks-gallery-item\"><figure><a href=\"https:\/\/pracownia52.pl\/www\/wp-content\/uploads\/2019\/07\/001-1979-warszawa-praga-Stolarska-nr-9-chyba-1928-684x1024.jpg\"><img loading=\"lazy\" decoding=\"async\" width=\"684\" height=\"1024\" src=\"https:\/\/pracownia52.pl\/www\/wp-content\/uploads\/2019\/07\/001-1979-warszawa-praga-Stolarska-nr-9-chyba-1928-684x1024.jpg\" alt=\"\" data-id=\"9552\" data-link=\"https:\/\/pracownia52.pl\/www\/?attachment_id=9552\" class=\"wp-image-9552\" srcset=\"https:\/\/pracownia52.pl\/www\/wp-content\/uploads\/2019\/07\/001-1979-warszawa-praga-Stolarska-nr-9-chyba-1928-684x1024.jpg?v=1627123572 684w, https:\/\/pracownia52.pl\/www\/wp-content\/uploads\/2019\/07\/001-1979-warszawa-praga-Stolarska-nr-9-chyba-1928-201x300.jpg?v=1627123572 201w, https:\/\/pracownia52.pl\/www\/wp-content\/uploads\/2019\/07\/001-1979-warszawa-praga-Stolarska-nr-9-chyba-1928-768x1149.jpg?v=1627123572 768w, https:\/\/pracownia52.pl\/www\/wp-content\/uploads\/2019\/07\/001-1979-warszawa-praga-Stolarska-nr-9-chyba-1928.jpg?v=1627123572 802w\" sizes=\"auto, (max-width: 684px) 100vw, 684px\" \/><\/a><figcaption>ul. Stolarska 9 (1979)<\/figcaption><\/figure><\/li><\/ul>\n\n\n\n<p>\u2022 <strong>lokale Warszawy<\/strong><\/p>\n\n\n\n<ul class=\"wp-block-gallery columns-1 is-cropped wp-block-gallery-21 is-layout-flex wp-block-gallery-is-layout-flex\"><li class=\"blocks-gallery-item\"><figure><img loading=\"lazy\" decoding=\"async\" width=\"1024\" height=\"683\" src=\"https:\/\/pracownia52.pl\/www\/wp-content\/uploads\/2019\/02\/1979-winiarnia-Amphora-warszawa-fot-mr-makowski-886-1024x683.jpg\" alt=\"\" data-id=\"9066\" data-link=\"https:\/\/pracownia52.pl\/www\/?attachment_id=9066\" class=\"wp-image-9066\" srcset=\"https:\/\/pracownia52.pl\/www\/wp-content\/uploads\/2019\/02\/1979-winiarnia-Amphora-warszawa-fot-mr-makowski-886-1024x683.jpg?v=1627123624 1024w, https:\/\/pracownia52.pl\/www\/wp-content\/uploads\/2019\/02\/1979-winiarnia-Amphora-warszawa-fot-mr-makowski-886-300x200.jpg?v=1627123624 300w, https:\/\/pracownia52.pl\/www\/wp-content\/uploads\/2019\/02\/1979-winiarnia-Amphora-warszawa-fot-mr-makowski-886-768x512.jpg?v=1627123624 768w, https:\/\/pracownia52.pl\/www\/wp-content\/uploads\/2019\/02\/1979-winiarnia-Amphora-warszawa-fot-mr-makowski-886.jpg?v=1627123624 1200w\" sizes=\"auto, (max-width: 767px) 89vw, (max-width: 1000px) 54vw, (max-width: 1071px) 543px, 580px\" \/><\/figure><\/li><\/ul>\n\n\n\n<p>\u2022 <strong>nieuporz\u0105dkowane<\/strong><br \/>i wreszcie takie luzem \u2013 ale niekiedy interesuj\u0105ce; kiedy\u015b przypisz\u0119 do ulic, dzielnic\u2026<br \/>mr m.<\/p>\n\n\n\n<ul class=\"wp-block-gallery columns-4 is-cropped wp-block-gallery-22 is-layout-flex wp-block-gallery-is-layout-flex\"><li class=\"blocks-gallery-item\"><figure><a href=\"https:\/\/pracownia52.pl\/www\/wp-content\/uploads\/2013\/04\/1978-z-cdn-most-poniatowskiego-1979-low-8.jpg\"><img loading=\"lazy\" decoding=\"async\" width=\"800\" height=\"534\" src=\"https:\/\/pracownia52.pl\/www\/wp-content\/uploads\/2013\/04\/1978-z-cdn-most-poniatowskiego-1979-low-8.jpg\" alt=\"\" data-id=\"3664\" class=\"wp-image-3664\" srcset=\"https:\/\/pracownia52.pl\/www\/wp-content\/uploads\/2013\/04\/1978-z-cdn-most-poniatowskiego-1979-low-8.jpg?v=1627124095 800w, https:\/\/pracownia52.pl\/www\/wp-content\/uploads\/2013\/04\/1978-z-cdn-most-poniatowskiego-1979-low-8-300x200.jpg?v=1627124095 300w, https:\/\/pracownia52.pl\/www\/wp-content\/uploads\/2013\/04\/1978-z-cdn-most-poniatowskiego-1979-low-8-768x513.jpg?v=1627124095 768w\" sizes=\"auto, (max-width: 767px) 89vw, (max-width: 1000px) 54vw, (max-width: 1071px) 543px, 580px\" \/><\/a><figcaption>1979 (?) rok<\/figcaption><\/figure><\/li><li class=\"blocks-gallery-item\"><figure><a href=\"https:\/\/pracownia52.pl\/www\/wp-content\/uploads\/2013\/04\/1981-warszawa-blokada-Ronda-VII-low-2.jpg\"><img loading=\"lazy\" decoding=\"async\" width=\"800\" height=\"537\" src=\"https:\/\/pracownia52.pl\/www\/wp-content\/uploads\/2013\/04\/1981-warszawa-blokada-Ronda-VII-low-2.jpg\" alt=\"\" data-id=\"3671\" class=\"wp-image-3671\" srcset=\"https:\/\/pracownia52.pl\/www\/wp-content\/uploads\/2013\/04\/1981-warszawa-blokada-Ronda-VII-low-2.jpg?v=1627124093 800w, https:\/\/pracownia52.pl\/www\/wp-content\/uploads\/2013\/04\/1981-warszawa-blokada-Ronda-VII-low-2-300x201.jpg?v=1627124093 300w, https:\/\/pracownia52.pl\/www\/wp-content\/uploads\/2013\/04\/1981-warszawa-blokada-Ronda-VII-low-2-768x516.jpg?v=1627124093 768w\" sizes=\"auto, (max-width: 767px) 89vw, (max-width: 1000px) 54vw, (max-width: 1071px) 543px, 580px\" \/><\/a><\/figure><\/li><li class=\"blocks-gallery-item\"><figure><a href=\"https:\/\/pracownia52.pl\/www\/wp-content\/uploads\/2013\/04\/dzieci-warszawskie-78-lub79.jpg\"><img loading=\"lazy\" decoding=\"async\" width=\"550\" height=\"382\" src=\"https:\/\/pracownia52.pl\/www\/wp-content\/uploads\/2013\/04\/dzieci-warszawskie-78-lub79.jpg\" alt=\"\" data-id=\"3675\" class=\"wp-image-3675\" srcset=\"https:\/\/pracownia52.pl\/www\/wp-content\/uploads\/2013\/04\/dzieci-warszawskie-78-lub79.jpg?v=1627124093 550w, https:\/\/pracownia52.pl\/www\/wp-content\/uploads\/2013\/04\/dzieci-warszawskie-78-lub79-300x208.jpg?v=1627124093 300w\" sizes=\"auto, (max-width: 550px) 100vw, 550px\" \/><\/a><figcaption>ul. Ho\u017ca (?), kon. lat 70.<\/figcaption><\/figure><\/li><li class=\"blocks-gallery-item\"><figure><a href=\"https:\/\/pracownia52.pl\/www\/wp-content\/uploads\/2013\/04\/dziecko-z-rowerem-1979-r-warszawa-low-6.jpg\"><img loading=\"lazy\" decoding=\"async\" width=\"534\" height=\"800\" src=\"https:\/\/pracownia52.pl\/www\/wp-content\/uploads\/2013\/04\/dziecko-z-rowerem-1979-r-warszawa-low-6.jpg\" alt=\"\" data-id=\"3676\" class=\"wp-image-3676\" srcset=\"https:\/\/pracownia52.pl\/www\/wp-content\/uploads\/2013\/04\/dziecko-z-rowerem-1979-r-warszawa-low-6.jpg?v=1627124093 534w, https:\/\/pracownia52.pl\/www\/wp-content\/uploads\/2013\/04\/dziecko-z-rowerem-1979-r-warszawa-low-6-200x300.jpg?v=1627124093 200w\" sizes=\"auto, (max-width: 534px) 100vw, 534px\" \/><\/a><\/figure><\/li><li class=\"blocks-gallery-item\"><figure><a href=\"https:\/\/pracownia52.pl\/www\/wp-content\/uploads\/2013\/04\/joasia-pacula-chyba-1977-mn.jpg\"><img loading=\"lazy\" decoding=\"async\" width=\"500\" height=\"752\" src=\"https:\/\/pracownia52.pl\/www\/wp-content\/uploads\/2013\/04\/joasia-pacula-chyba-1977-mn.jpg\" alt=\"\" data-id=\"3679\" class=\"wp-image-3679\" srcset=\"https:\/\/pracownia52.pl\/www\/wp-content\/uploads\/2013\/04\/joasia-pacula-chyba-1977-mn.jpg?v=1627124092 500w, https:\/\/pracownia52.pl\/www\/wp-content\/uploads\/2013\/04\/joasia-pacula-chyba-1977-mn-199x300.jpg?v=1627124092 199w\" sizes=\"auto, (max-width: 500px) 100vw, 500px\" \/><\/a><\/figure><\/li><li class=\"blocks-gallery-item\"><figure><a href=\"https:\/\/pracownia52.pl\/www\/wp-content\/uploads\/2013\/04\/motor-jurka-1978-low-5.jpg\"><img loading=\"lazy\" decoding=\"async\" width=\"800\" height=\"522\" src=\"https:\/\/pracownia52.pl\/www\/wp-content\/uploads\/2013\/04\/motor-jurka-1978-low-5.jpg\" alt=\"\" data-id=\"3680\" class=\"wp-image-3680\" srcset=\"https:\/\/pracownia52.pl\/www\/wp-content\/uploads\/2013\/04\/motor-jurka-1978-low-5.jpg?v=1627124092 800w, https:\/\/pracownia52.pl\/www\/wp-content\/uploads\/2013\/04\/motor-jurka-1978-low-5-300x196.jpg?v=1627124092 300w, https:\/\/pracownia52.pl\/www\/wp-content\/uploads\/2013\/04\/motor-jurka-1978-low-5-768x501.jpg?v=1627124092 768w\" sizes=\"auto, (max-width: 767px) 89vw, (max-width: 1000px) 54vw, (max-width: 1071px) 543px, 580px\" \/><\/a><\/figure><\/li><li class=\"blocks-gallery-item\"><figure><a href=\"https:\/\/pracownia52.pl\/www\/wp-content\/uploads\/2013\/04\/praga1979002-06mn1.jpg\"><img loading=\"lazy\" decoding=\"async\" width=\"600\" height=\"402\" src=\"https:\/\/pracownia52.pl\/www\/wp-content\/uploads\/2013\/04\/praga1979002-06mn1.jpg\" alt=\"\" data-id=\"3692\" class=\"wp-image-3692\" srcset=\"https:\/\/pracownia52.pl\/www\/wp-content\/uploads\/2013\/04\/praga1979002-06mn1.jpg?v=1627124091 600w, https:\/\/pracownia52.pl\/www\/wp-content\/uploads\/2013\/04\/praga1979002-06mn1-300x201.jpg?v=1627124091 300w\" sizes=\"auto, (max-width: 600px) 100vw, 600px\" \/><\/a><\/figure><\/li><li class=\"blocks-gallery-item\"><figure><a href=\"https:\/\/pracownia52.pl\/www\/wp-content\/uploads\/2013\/04\/warszawa-1984-supl-la-703-mod.jpg\"><img loading=\"lazy\" decoding=\"async\" width=\"800\" height=\"539\" src=\"https:\/\/pracownia52.pl\/www\/wp-content\/uploads\/2013\/04\/warszawa-1984-supl-la-703-mod.jpg\" alt=\"\" data-id=\"3698\" class=\"wp-image-3698\" srcset=\"https:\/\/pracownia52.pl\/www\/wp-content\/uploads\/2013\/04\/warszawa-1984-supl-la-703-mod.jpg?v=1627124089 800w, https:\/\/pracownia52.pl\/www\/wp-content\/uploads\/2013\/04\/warszawa-1984-supl-la-703-mod-300x202.jpg?v=1627124089 300w, https:\/\/pracownia52.pl\/www\/wp-content\/uploads\/2013\/04\/warszawa-1984-supl-la-703-mod-768x517.jpg?v=1627124089 768w\" sizes=\"auto, (max-width: 767px) 89vw, (max-width: 1000px) 54vw, (max-width: 1071px) 543px, 580px\" \/><\/a><\/figure><\/li><li class=\"blocks-gallery-item\"><figure><a href=\"https:\/\/pracownia52.pl\/www\/wp-content\/uploads\/2013\/04\/warszawa-lata70-low-11.jpg\"><img loading=\"lazy\" decoding=\"async\" width=\"522\" height=\"800\" src=\"https:\/\/pracownia52.pl\/www\/wp-content\/uploads\/2013\/04\/warszawa-lata70-low-11.jpg\" alt=\"\" data-id=\"3699\" class=\"wp-image-3699\" srcset=\"https:\/\/pracownia52.pl\/www\/wp-content\/uploads\/2013\/04\/warszawa-lata70-low-11.jpg?v=1627124089 522w, https:\/\/pracownia52.pl\/www\/wp-content\/uploads\/2013\/04\/warszawa-lata70-low-11-196x300.jpg?v=1627124089 196w\" sizes=\"auto, (max-width: 522px) 100vw, 522px\" \/><\/a><\/figure><\/li><li class=\"blocks-gallery-item\"><figure><a href=\"https:\/\/pracownia52.pl\/www\/wp-content\/uploads\/2013\/04\/warszawa-mid-70ties-kp-w50.jpg\"><img loading=\"lazy\" decoding=\"async\" width=\"529\" height=\"800\" src=\"https:\/\/pracownia52.pl\/www\/wp-content\/uploads\/2013\/04\/warszawa-mid-70ties-kp-w50.jpg\" alt=\"\" data-id=\"3700\" class=\"wp-image-3700\" srcset=\"https:\/\/pracownia52.pl\/www\/wp-content\/uploads\/2013\/04\/warszawa-mid-70ties-kp-w50.jpg?v=1627124089 529w, https:\/\/pracownia52.pl\/www\/wp-content\/uploads\/2013\/04\/warszawa-mid-70ties-kp-w50-198x300.jpg?v=1627124089 198w\" sizes=\"auto, (max-width: 529px) 100vw, 529px\" \/><\/a><\/figure><\/li><li class=\"blocks-gallery-item\"><figure><a href=\"https:\/\/pracownia52.pl\/www\/wp-content\/uploads\/2013\/04\/wolumen-1981-001-0amnmod.jpg\"><img loading=\"lazy\" decoding=\"async\" width=\"891\" height=\"600\" src=\"https:\/\/pracownia52.pl\/www\/wp-content\/uploads\/2013\/04\/wolumen-1981-001-0amnmod.jpg\" alt=\"\" data-id=\"3703\" class=\"wp-image-3703\" srcset=\"https:\/\/pracownia52.pl\/www\/wp-content\/uploads\/2013\/04\/wolumen-1981-001-0amnmod.jpg?v=1627124088 891w, https:\/\/pracownia52.pl\/www\/wp-content\/uploads\/2013\/04\/wolumen-1981-001-0amnmod-300x202.jpg?v=1627124088 300w, https:\/\/pracownia52.pl\/www\/wp-content\/uploads\/2013\/04\/wolumen-1981-001-0amnmod-768x517.jpg?v=1627124088 768w\" sizes=\"auto, (max-width: 767px) 89vw, (max-width: 1000px) 54vw, (max-width: 1071px) 543px, 580px\" \/><\/a><figcaption>ul. Wolumen, pocz. lat 80.<\/figcaption><\/figure><\/li><li class=\"blocks-gallery-item\"><figure><a href=\"https:\/\/pracownia52.pl\/www\/wp-content\/uploads\/2013\/04\/wolumen1981003fmnmod.jpg\"><img loading=\"lazy\" decoding=\"async\" width=\"897\" height=\"600\" src=\"https:\/\/pracownia52.pl\/www\/wp-content\/uploads\/2013\/04\/wolumen1981003fmnmod.jpg\" alt=\"\" data-id=\"3704\" class=\"wp-image-3704\" srcset=\"https:\/\/pracownia52.pl\/www\/wp-content\/uploads\/2013\/04\/wolumen1981003fmnmod.jpg?v=1627124088 897w, https:\/\/pracownia52.pl\/www\/wp-content\/uploads\/2013\/04\/wolumen1981003fmnmod-300x201.jpg?v=1627124088 300w, https:\/\/pracownia52.pl\/www\/wp-content\/uploads\/2013\/04\/wolumen1981003fmnmod-768x514.jpg?v=1627124088 768w\" sizes=\"auto, (max-width: 767px) 89vw, (max-width: 1000px) 54vw, (max-width: 1071px) 543px, 580px\" \/><\/a><figcaption>ul. Wolumen, pocz. lat 80.<\/figcaption><\/figure><\/li><li class=\"blocks-gallery-item\"><figure><a href=\"https:\/\/pracownia52.pl\/www\/wp-content\/uploads\/2013\/04\/wwa-cca-1980-low-1.jpg\"><img loading=\"lazy\" decoding=\"async\" width=\"532\" height=\"800\" src=\"https:\/\/pracownia52.pl\/www\/wp-content\/uploads\/2013\/04\/wwa-cca-1980-low-1.jpg\" alt=\"\" data-id=\"3705\" class=\"wp-image-3705\" srcset=\"https:\/\/pracownia52.pl\/www\/wp-content\/uploads\/2013\/04\/wwa-cca-1980-low-1.jpg?v=1627124088 532w, https:\/\/pracownia52.pl\/www\/wp-content\/uploads\/2013\/04\/wwa-cca-1980-low-1-200x300.jpg?v=1627124088 200w\" sizes=\"auto, (max-width: 532px) 100vw, 532px\" \/><\/a><\/figure><\/li><li class=\"blocks-gallery-item\"><figure><a href=\"https:\/\/pracownia52.pl\/www\/wp-content\/uploads\/2013\/04\/1974-wczesne-lato-VI-mn.jpg\"><img loading=\"lazy\" decoding=\"async\" width=\"863\" height=\"600\" src=\"https:\/\/pracownia52.pl\/www\/wp-content\/uploads\/2013\/04\/1974-wczesne-lato-VI-mn.jpg\" alt=\"\" data-id=\"3662\" class=\"wp-image-3662\" srcset=\"https:\/\/pracownia52.pl\/www\/wp-content\/uploads\/2013\/04\/1974-wczesne-lato-VI-mn.jpg?v=1627124096 863w, https:\/\/pracownia52.pl\/www\/wp-content\/uploads\/2013\/04\/1974-wczesne-lato-VI-mn-300x209.jpg?v=1627124096 300w, https:\/\/pracownia52.pl\/www\/wp-content\/uploads\/2013\/04\/1974-wczesne-lato-VI-mn-768x534.jpg?v=1627124096 768w\" sizes=\"auto, (max-width: 767px) 89vw, (max-width: 1000px) 54vw, (max-width: 1071px) 543px, 580px\" \/><\/a><figcaption>Stare Miasto, pocz. lat 70.<\/figcaption><\/figure><\/li><\/ul>\n","protected":false},"excerpt":{"rendered":"<p>w latach 60. (tak, tak: kodak baby brownie, flexaret, smiena 8\u2026 niewiele si\u0119 osta\u0142o, ale) i p\u00f3\u017aniej, wi\u0119cej: w 70. zawsze gdzie\u015b. a te\u017c: \u201eDom\u201d &#8212; i inne, np. bli\u017csze wsp\u00f3\u0142czesno\u015bci; w pewnym sensie\u2026do uporz\u0105dkowania.mr m. lewarszawa \u2022 Stare Miasto (1976? 77? \u2013 klatka po klatce, bez monta\u017cu\u2026) \u2022 \u015ar\u00f3dmie\u015bcie\u2026 \u2022 pl. Trzech Krzy\u017cy&nbsp;(nieco wi\u0119cej &hellip; <\/p>\n<p class=\"link-more\"><a href=\"https:\/\/pracownia52.pl\/www\/?page_id=3658\" class=\"more-link\">Czytaj dalej<span class=\"screen-reader-text\"> \u201ewarszawa\u201d<\/span><\/a><\/p>\n","protected":false},"author":1,"featured_media":9212,"parent":0,"menu_order":3,"comment_status":"closed","ping_status":"open","template":"","meta":{"footnotes":""},"class_list":["post-3658","page","type-page","status-publish","has-post-thumbnail","hentry"],"_links":{"self":[{"href":"https:\/\/pracownia52.pl\/www\/index.php?rest_route=\/wp\/v2\/pages\/3658","targetHints":{"allow":["GET"]}}],"collection":[{"href":"https:\/\/pracownia52.pl\/www\/index.php?rest_route=\/wp\/v2\/pages"}],"about":[{"href":"https:\/\/pracownia52.pl\/www\/index.php?rest_route=\/wp\/v2\/types\/page"}],"author":[{"embeddable":true,"href":"https:\/\/pracownia52.pl\/www\/index.php?rest_route=\/wp\/v2\/users\/1"}],"replies":[{"embeddable":true,"href":"https:\/\/pracownia52.pl\/www\/index.php?rest_route=%2Fwp%2Fv2%2Fcomments&post=3658"}],"version-history":[{"count":136,"href":"https:\/\/pracownia52.pl\/www\/index.php?rest_route=\/wp\/v2\/pages\/3658\/revisions"}],"predecessor-version":[{"id":9625,"href":"https:\/\/pracownia52.pl\/www\/index.php?rest_route=\/wp\/v2\/pages\/3658\/revisions\/9625"}],"wp:featuredmedia":[{"embeddable":true,"href":"https:\/\/pracownia52.pl\/www\/index.php?rest_route=\/wp\/v2\/media\/9212"}],"wp:attachment":[{"href":"https:\/\/pracownia52.pl\/www\/index.php?rest_route=%2Fwp%2Fv2%2Fmedia&parent=3658"}],"curies":[{"name":"wp","href":"https:\/\/api.w.org\/{rel}","templated":true}]}}